{"id":1264,"date":"2024-09-25T15:56:27","date_gmt":"2024-09-25T15:56:27","guid":{"rendered":"http:\/\/raizespentecostais.com.br\/?page_id=1264"},"modified":"2025-11-06T13:35:25","modified_gmt":"2025-11-06T13:35:25","slug":"pr-altair-germano","status":"publish","type":"page","link":"https:\/\/raizespentecostais.com.br\/index.php\/pr-altair-germano\/","title":{"rendered":"Pr. Altair Germano"},"content":{"rendered":"\t\t<div data-elementor-type=\"wp-page\" data-elementor-id=\"1264\" class=\"elementor elementor-1264\">\n\t\t\t\t<div class=\"elementor-element elementor-element-362f5b5 e-flex e-con-boxed e-con e-parent\" data-id=\"362f5b5\" data-element_type=\"container\" data-e-type=\"container\" data-settings=\"{&quot;background_background&quot;:&quot;classic&quot;}\">\n\t\t\t\t\t<div class=\"e-con-inner\">\n\t\t<div class=\"elementor-element elementor-element-12c6f85 e-con-full e-flex e-con e-child\" data-id=\"12c6f85\" data-element_type=\"container\" data-e-type=\"container\">\n\t\t\t\t<div class=\"elementor-element elementor-element-a27cd14 elementor-widget elementor-widget-elementskit-team\" data-id=\"a27cd14\" data-element_type=\"widget\" data-e-type=\"widget\" data-widget_type=\"elementskit-team.default\">\n\t\t\t\t<div class=\"elementor-widget-container\">\n\t\t\t\t\t<div class=\"ekit-wid-con\">\t\t\t\t\t\t\t\t\n\t\t<div class=\"profile-card elementor-animation- text-center ekit-team-style-default\">\n\t\t\t\n\t\t\t\t<div class=\"profile-header ekit-team-img ekit-img-overlay ekit-team-img-block\" >\n\t\t\t\t\t<img fetchpriority=\"high\" decoding=\"async\" width=\"748\" height=\"748\" src=\"https:\/\/raizespentecostais.com.br\/wp-content\/uploads\/2024\/09\/altair-germano-3-e1727280685993.jpg\" class=\"attachment-large size-large wp-image-1278\" alt=\"\" srcset=\"https:\/\/raizespentecostais.com.br\/wp-content\/uploads\/2024\/09\/altair-germano-3-e1727280685993.jpg 748w, https:\/\/raizespentecostais.com.br\/wp-content\/uploads\/2024\/09\/altair-germano-3-e1727280685993-300x300.jpg 300w, https:\/\/raizespentecostais.com.br\/wp-content\/uploads\/2024\/09\/altair-germano-3-e1727280685993-150x150.jpg 150w\" sizes=\"(max-width: 748px) 100vw, 748px\" \/>\t\t\t\t<\/div><!-- .profile-header END -->\n\t\t\t\n\n\t\t\t\t<div class=\"profile-body\">\n\t\t\t\t\t\n\t\t\t\t\t<h2 class=\"profile-title\">\n\t\t\t\t\t\t\t\t\t\t\tPr. Altair Germano\t\t\t\t\t\t\t\t\t\t<\/h2>\n\t\t\t\t\t<p class=\"profile-designation\">Escritor<\/p>\n\t\t\t\t\t\t\t\t\t\t<p class=\"profile-content\">Pastor, escritor e conferencista. Foi membro diretor da Sociedade B\u00edblica do Brasil (SBB), vice-presidente do Conselho de Educa\u00e7\u00e3o e Cultura da Conven\u00e7\u00e3o Geral das Assembleias de Deus no Brasil (CEC-CGADB) e da Assembleia de Deus em Abreu e Lima (IEADALPE), e mission\u00e1rio na It\u00e1lia. Atualmente \u00e9 pastor auxiliar e presidente do Conselho de Doutrina da IEADALPE, e membro do Conselho de Doutrina da Uni\u00e3o de Ministros das Assembleias Deus no Nordeste (UMADENE). \u00c9 mestre em teologia com especializa\u00e7\u00e3o em minist\u00e9rio, especialista em educa\u00e7\u00e3o crist\u00e3 e em psicopedadogia, e licenciado em pedagogia. <\/p>\n\t\t\t\t\t\t\t\t\t<\/div><!-- .profile-body END -->\n\n\t\t\t\t\t\t\t\t\t<div class=\"profile-footer\">\n\t\t\t\t\t\t<ul class=\"ekit-team-social-list\">\n\t\t\t<li class=\"elementor-repeater-item-fe72ee1\">\n\t\t\t<a href=\"https:\/\/facebook.com\" aria-label=\"Facebook\">\n\t\t\t\t<i aria-hidden=\"true\" class=\"icon icon-facebook\"><\/i>\t\t\t<\/a>\n\t\t<\/li>\n\t\t\t<li class=\"elementor-repeater-item-3bb104c\">\n\t\t\t<a href=\"https:\/\/facebook.com\" aria-label=\"Instagram\">\n\t\t\t\t<i aria-hidden=\"true\" class=\"icon icon-instagram-1\"><\/i>\t\t\t<\/a>\n\t\t<\/li>\n\t<\/ul>\n\t\t\t\t\t<\/div>\n\t\t\t\t\t\t\t\t\t<\/div>\n\t\t\t\t\t\t\t\n\t\t\t\n\t\t\t\t<\/div>\t\t\t\t<\/div>\n\t\t\t\t<\/div>\n\t\t\t\t<\/div>\n\t\t\t\t\t<\/div>\n\t\t\t\t<\/div>\n\t\t<div class=\"elementor-element elementor-element-b81d21e e-flex e-con-boxed e-con e-parent\" data-id=\"b81d21e\" data-element_type=\"container\" data-e-type=\"container\">\n\t\t\t\t\t<div class=\"e-con-inner\">\n\t\t\t\t<div class=\"elementor-element elementor-element-11e14d7 elementor-grid-eael-col-3 elementor-grid-tablet-eael-col-3 elementor-grid-mobile-eael-col-1 elementor-widget elementor-widget-eael-post-grid\" data-id=\"11e14d7\" data-element_type=\"widget\" data-e-type=\"widget\" data-settings=\"{&quot;eael_post_grid_columns&quot;:&quot;eael-col-3&quot;,&quot;eael_post_grid_columns_tablet&quot;:&quot;eael-col-3&quot;,&quot;eael_post_grid_columns_mobile&quot;:&quot;eael-col-1&quot;}\" data-widget_type=\"eael-post-grid.default\">\n\t\t\t\t<div class=\"elementor-widget-container\">\n\t\t\t\t\t<div id=\"eael-post-grid-11e14d7\" class=\"eael-post-grid-container\">\n            <div class=\"eael-post-grid eael-post-appender eael-post-appender-11e14d7 eael-post-grid-style-two\" data-layout-mode=\"masonry\"><article class=\"eael-grid-post  eael-post-grid-column eael-pg-post-2490 category-teologia-doutrinas\" data-id=\"2490\">\n    <div class=\"eael-grid-post-holder\">\n        <div class=\"eael-grid-post-holder-inner\"><div class=\"eael-entry-media\"><div class=\"eael-entry-overlay fade-in\"><i class=\"fas fa-external-link-alt\" aria-hidden=\"true\"><\/i><a href=\"https:\/\/raizespentecostais.com.br\/index.php\/para-que-serve-a-teologia\/\"><\/a><\/div><div class=\"eael-entry-thumbnail \">\n                            <img decoding=\"async\" width=\"300\" height=\"163\" src=\"https:\/\/raizespentecostais.com.br\/wp-content\/uploads\/2025\/04\/Design-sem-nome-28-300x163.png\" class=\"attachment-medium size-medium wp-image-2649\" alt=\"\" srcset=\"https:\/\/raizespentecostais.com.br\/wp-content\/uploads\/2025\/04\/Design-sem-nome-28-300x163.png 300w, https:\/\/raizespentecostais.com.br\/wp-content\/uploads\/2025\/04\/Design-sem-nome-28-1024x555.png 1024w, https:\/\/raizespentecostais.com.br\/wp-content\/uploads\/2025\/04\/Design-sem-nome-28-768x416.png 768w, https:\/\/raizespentecostais.com.br\/wp-content\/uploads\/2025\/04\/Design-sem-nome-28.png 1200w\" sizes=\"(max-width: 300px) 100vw, 300px\" \/>\n                            <\/div>\n                    <\/div><div class=\"eael-entry-wrapper\"><header class=\"eael-entry-header\"><h2 class=\"eael-entry-title\"><a class=\"eael-grid-post-link\" href=\"https:\/\/raizespentecostais.com.br\/index.php\/para-que-serve-a-teologia\/\" title=\"Para que serve a Teologia?\">Para que serve a Teologia?<\/a><\/h2><\/header><div class=\"eael-entry-content\">\n                                <div class=\"eael-grid-post-excerpt\"><p>Por Altair Germano1 Pastor na AD Abreu e Lima (PE), professor da EETAD e autor das Edi\u00e7\u00f5es Bernhard Johnson Em...<\/p><a href=\"https:\/\/raizespentecostais.com.br\/index.php\/para-que-serve-a-teologia\/\" class=\"eael-post-elements-readmore-btn\">Leia Mais<\/a><\/div>\n                            <\/div><\/div><\/div>\n    <\/div>\n<\/article><article class=\"eael-grid-post  eael-post-grid-column eael-pg-post-2441 category-escatologia-categorias-historia\" data-id=\"2441\">\n    <div class=\"eael-grid-post-holder\">\n        <div class=\"eael-grid-post-holder-inner\"><div class=\"eael-entry-media\"><div class=\"eael-entry-overlay fade-in\"><i class=\"fas fa-external-link-alt\" aria-hidden=\"true\"><\/i><a href=\"https:\/\/raizespentecostais.com.br\/index.php\/as-raizes-biblicas-e-historicas-do-pre-tribulacionismo\/\"><\/a><\/div><div class=\"eael-entry-thumbnail \">\n                            <img decoding=\"async\" width=\"300\" height=\"171\" src=\"https:\/\/raizespentecostais.com.br\/wp-content\/uploads\/2025\/04\/Firefly-Aqui-esta-a-imagem-inspirada-no-estilo-de-Gustav-Dore-representando-a-verdade-biblica-sobre-300x171.jpg\" class=\"attachment-medium size-medium wp-image-2444\" alt=\"\" srcset=\"https:\/\/raizespentecostais.com.br\/wp-content\/uploads\/2025\/04\/Firefly-Aqui-esta-a-imagem-inspirada-no-estilo-de-Gustav-Dore-representando-a-verdade-biblica-sobre-300x171.jpg 300w, https:\/\/raizespentecostais.com.br\/wp-content\/uploads\/2025\/04\/Firefly-Aqui-esta-a-imagem-inspirada-no-estilo-de-Gustav-Dore-representando-a-verdade-biblica-sobre-1024x585.jpg 1024w, https:\/\/raizespentecostais.com.br\/wp-content\/uploads\/2025\/04\/Firefly-Aqui-esta-a-imagem-inspirada-no-estilo-de-Gustav-Dore-representando-a-verdade-biblica-sobre-768x439.jpg 768w, https:\/\/raizespentecostais.com.br\/wp-content\/uploads\/2025\/04\/Firefly-Aqui-esta-a-imagem-inspirada-no-estilo-de-Gustav-Dore-representando-a-verdade-biblica-sobre-1536x878.jpg 1536w, https:\/\/raizespentecostais.com.br\/wp-content\/uploads\/2025\/04\/Firefly-Aqui-esta-a-imagem-inspirada-no-estilo-de-Gustav-Dore-representando-a-verdade-biblica-sobre-2048x1170.jpg 2048w\" sizes=\"(max-width: 300px) 100vw, 300px\" \/>\n                            <\/div>\n                    <\/div><div class=\"eael-entry-wrapper\"><header class=\"eael-entry-header\"><h2 class=\"eael-entry-title\"><a class=\"eael-grid-post-link\" href=\"https:\/\/raizespentecostais.com.br\/index.php\/as-raizes-biblicas-e-historicas-do-pre-tribulacionismo\/\" title=\"As ra\u00edzes b\u00edblicas e hist\u00f3ricas do pr\u00e9-tribulacionismo\">As ra\u00edzes b\u00edblicas e hist\u00f3ricas do pr\u00e9-tribulacionismo<\/a><\/h2><\/header><div class=\"eael-entry-content\">\n                                <div class=\"eael-grid-post-excerpt\"><p>Por Altair Germano1 Pastor na AD Abreu e Lima (PE), professor da EETAD e autor das Edi\u00e7\u00f5es Bernhard Johnson Quando...<\/p><a href=\"https:\/\/raizespentecostais.com.br\/index.php\/as-raizes-biblicas-e-historicas-do-pre-tribulacionismo\/\" class=\"eael-post-elements-readmore-btn\">Leia Mais<\/a><\/div>\n                            <\/div><\/div><\/div>\n    <\/div>\n<\/article><article class=\"eael-grid-post  eael-post-grid-column eael-pg-post-2383 category-biblia-hermeneutica-e-exegese-categorias\" data-id=\"2383\">\n    <div class=\"eael-grid-post-holder\">\n        <div class=\"eael-grid-post-holder-inner\"><div class=\"eael-entry-media\"><div class=\"eael-entry-overlay fade-in\"><i class=\"fas fa-external-link-alt\" aria-hidden=\"true\"><\/i><a href=\"https:\/\/raizespentecostais.com.br\/index.php\/entrevista-a-biblia-e-suas-traducoes\/\"><\/a><\/div><div class=\"eael-entry-thumbnail \">\n                            <img loading=\"lazy\" decoding=\"async\" width=\"300\" height=\"225\" src=\"https:\/\/raizespentecostais.com.br\/wp-content\/uploads\/2025\/04\/Gutenberg-Biblia-300x225.webp\" class=\"attachment-medium size-medium wp-image-2404\" alt=\"\" srcset=\"https:\/\/raizespentecostais.com.br\/wp-content\/uploads\/2025\/04\/Gutenberg-Biblia-300x225.webp 300w, https:\/\/raizespentecostais.com.br\/wp-content\/uploads\/2025\/04\/Gutenberg-Biblia-1024x768.webp 1024w, https:\/\/raizespentecostais.com.br\/wp-content\/uploads\/2025\/04\/Gutenberg-Biblia-768x576.webp 768w, https:\/\/raizespentecostais.com.br\/wp-content\/uploads\/2025\/04\/Gutenberg-Biblia.webp 1212w\" sizes=\"(max-width: 300px) 100vw, 300px\" \/>\n                            <\/div>\n                    <\/div><div class=\"eael-entry-wrapper\"><header class=\"eael-entry-header\"><h2 class=\"eael-entry-title\"><a class=\"eael-grid-post-link\" href=\"https:\/\/raizespentecostais.com.br\/index.php\/entrevista-a-biblia-e-suas-traducoes\/\" title=\"Entrevista: A b\u00edblia e suas tradu\u00e7\u00f5es\">Entrevista: A b\u00edblia e suas tradu\u00e7\u00f5es<\/a><\/h2><\/header><div class=\"eael-entry-content\">\n                                <div class=\"eael-grid-post-excerpt\"><p>Por Prof\u00ba. M\u00e1rcio Jos\u00e9 Estevan 1Professor da EETAD Uma entrevista sobre a B\u00edblia e suas tradu\u00e7\u00f5es com o Professor Marcio...<\/p><a href=\"https:\/\/raizespentecostais.com.br\/index.php\/entrevista-a-biblia-e-suas-traducoes\/\" class=\"eael-post-elements-readmore-btn\">Leia Mais<\/a><\/div>\n                            <\/div><\/div><\/div>\n    <\/div>\n<\/article><\/div>\n            <div class=\"clearfix\"><\/div>\n        <\/div>            <div class=\"eael-load-more-button-wrap eael-force-hide\">\n                <button class=\"eael-load-more-button\" id=\"eael-load-more-btn-11e14d7\" data-widget-id=\"11e14d7\" data-widget=\"11e14d7\" data-page-id=\"1264\" data-template=\"{&quot;dir&quot;:&quot;lite&quot;,&quot;file_name&quot;:&quot;two.php&quot;,&quot;name&quot;:&quot;Post-Grid&quot;}\" data-class=\"Essential_Addons_Elementor\\Elements\\Post_Grid\" data-layout=\"masonry\" data-page=\"1\" data-args=\"orderby=date&amp;order=desc&amp;ignore_sticky_posts=1&amp;post_status=publish&amp;posts_per_page=3&amp;offset=0&amp;post_type=post&amp;author__in%5B0%5D=5\" data-max-page=\"2\">\n                    <span class=\"eael-btn-loader button__loader\"><\/span>\n                    <span class=\"eael_load_more_text\">Load More<\/span>\n                <\/button>\n            <\/div>\n            \t\t\t\t<\/div>\n\t\t\t\t<\/div>\n\t\t\t\t\t<\/div>\n\t\t\t\t<\/div>\n\t\t\t\t<\/div>\n\t\t","protected":false},"excerpt":{"rendered":"<p>Pr. Altair Germano Escritor Pastor, escritor e conferencista. Foi membro diretor da Sociedade B\u00edblica do Brasil (SBB), vice-presidente do Conselho [&hellip;]<\/p>\n","protected":false},"author":1,"featured_media":0,"parent":0,"menu_order":0,"comment_status":"closed","ping_status":"closed","template":"","meta":{"site-sidebar-layout":"default","site-content-layout":"","ast-site-content-layout":"default","site-content-style":"default","site-sidebar-style":"default","ast-global-header-display":"","ast-banner-title-visibility":"","ast-main-header-display":"","ast-hfb-above-header-display":"","ast-hfb-below-header-display":"","ast-hfb-mobile-header-display":"","site-post-title":"disabled","ast-breadcrumbs-content":"","ast-featured-img":"","footer-sml-layout":"","theme-transparent-header-meta":"","adv-header-id-meta":"","stick-header-meta":"","header-above-stick-meta":"","header-main-stick-meta":"","header-below-stick-meta":"","astra-migrate-meta-layouts":"default","ast-page-background-enabled":"default","ast-page-background-meta":{"desktop":{"background-color":"var(--ast-global-color-5)","background-image":"","background-repeat":"repeat","background-position":"center center","background-size":"auto","background-attachment":"scroll","background-type":"","background-media":"","overlay-type":"","overlay-color":"","overlay-opacity":"","overlay-gradient":""},"tablet":{"background-color":"","background-image":"","background-repeat":"repeat","background-position":"center center","background-size":"auto","background-attachment":"scroll","background-type":"","background-media":"","overlay-type":"","overlay-color":"","overlay-opacity":"","overlay-gradient":""},"mobile":{"background-color":"","background-image":"","background-repeat":"repeat","background-position":"center center","background-size":"auto","background-attachment":"scroll","background-type":"","background-media":"","overlay-type":"","overlay-color":"","overlay-opacity":"","overlay-gradient":""}},"ast-content-background-meta":{"desktop":{"background-color":"var(--ast-global-color-4)","background-image":"","background-repeat":"repeat","background-position":"center center","background-size":"auto","background-attachment":"scroll","background-type":"","background-media":"","overlay-type":"","overlay-color":"","overlay-opacity":"","overlay-gradient":""},"tablet":{"background-color":"var(--ast-global-color-4)","background-image":"","background-repeat":"repeat","background-position":"center center","background-size":"auto","background-attachment":"scroll","background-type":"","background-media":"","overlay-type":"","overlay-color":"","overlay-opacity":"","overlay-gradient":""},"mobile":{"background-color":"var(--ast-global-color-4)","background-image":"","background-repeat":"repeat","background-position":"center center","background-size":"auto","background-attachment":"scroll","background-type":"","background-media":"","overlay-type":"","overlay-color":"","overlay-opacity":"","overlay-gradient":""}},"footnotes":""},"class_list":["post-1264","page","type-page","status-publish","hentry"],"_links":{"self":[{"href":"https:\/\/raizespentecostais.com.br\/index.php\/wp-json\/wp\/v2\/pages\/1264","targetHints":{"allow":["GET"]}}],"collection":[{"href":"https:\/\/raizespentecostais.com.br\/index.php\/wp-json\/wp\/v2\/pages"}],"about":[{"href":"https:\/\/raizespentecostais.com.br\/index.php\/wp-json\/wp\/v2\/types\/page"}],"author":[{"embeddable":true,"href":"https:\/\/raizespentecostais.com.br\/index.php\/wp-json\/wp\/v2\/users\/1"}],"replies":[{"embeddable":true,"href":"https:\/\/raizespentecostais.com.br\/index.php\/wp-json\/wp\/v2\/comments?post=1264"}],"version-history":[{"count":116,"href":"https:\/\/raizespentecostais.com.br\/index.php\/wp-json\/wp\/v2\/pages\/1264\/revisions"}],"predecessor-version":[{"id":3864,"href":"https:\/\/raizespentecostais.com.br\/index.php\/wp-json\/wp\/v2\/pages\/1264\/revisions\/3864"}],"wp:attachment":[{"href":"https:\/\/raizespentecostais.com.br\/index.php\/wp-json\/wp\/v2\/media?parent=1264"}],"curies":[{"name":"wp","href":"https:\/\/api.w.org\/{rel}","templated":true}]}}