{"id":1366,"date":"2024-09-25T18:09:49","date_gmt":"2024-09-25T18:09:49","guid":{"rendered":"http:\/\/raizespentecostais.com.br\/?page_id=1366"},"modified":"2025-10-22T14:35:44","modified_gmt":"2025-10-22T14:35:44","slug":"pr-terry-johnson","status":"publish","type":"page","link":"https:\/\/raizespentecostais.com.br\/index.php\/pr-terry-johnson\/","title":{"rendered":"Pr. Terry Johnson"},"content":{"rendered":"\t\t<div data-elementor-type=\"wp-page\" data-elementor-id=\"1366\" class=\"elementor elementor-1366\">\n\t\t\t\t<div class=\"elementor-element elementor-element-7d11894 e-flex e-con-boxed e-con e-parent\" data-id=\"7d11894\" data-element_type=\"container\" data-e-type=\"container\">\n\t\t\t\t\t<div class=\"e-con-inner\">\n\t\t\t\t<div class=\"elementor-element elementor-element-f3228b5 elementor-widget elementor-widget-elementskit-team\" data-id=\"f3228b5\" data-element_type=\"widget\" data-e-type=\"widget\" data-widget_type=\"elementskit-team.default\">\n\t\t\t\t<div class=\"elementor-widget-container\">\n\t\t\t\t\t<div class=\"ekit-wid-con\">\t\t\t\t\t\t\t\t\n\t\t<div class=\"profile-card elementor-animation- text-center ekit-team-style-default\">\n\t\t\t\n\t\t\t\t<div class=\"profile-header ekit-team-img ekit-img-overlay ekit-team-img-block\" >\n\t\t\t\t\t<img fetchpriority=\"high\" decoding=\"async\" width=\"300\" height=\"300\" src=\"https:\/\/raizespentecostais.com.br\/wp-content\/uploads\/2025\/04\/Pr.-Terry-Johnson.png\" class=\"attachment-large size-large wp-image-2539\" alt=\"\" srcset=\"https:\/\/raizespentecostais.com.br\/wp-content\/uploads\/2025\/04\/Pr.-Terry-Johnson.png 300w, https:\/\/raizespentecostais.com.br\/wp-content\/uploads\/2025\/04\/Pr.-Terry-Johnson-150x150.png 150w\" sizes=\"(max-width: 300px) 100vw, 300px\" \/>\t\t\t\t<\/div><!-- .profile-header END -->\n\t\t\t\n\n\t\t\t\t<div class=\"profile-body\">\n\t\t\t\t\t\n\t\t\t\t\t<h2 class=\"profile-title\">\n\t\t\t\t\t\t\t\t\t\t\tPr. Terry Johnson\t\t\t\t\t\t\t\t\t\t<\/h2>\n\t\t\t\t\t<p class=\"profile-designation\">PRESIDENTE DA EETAD<\/p>\n\t\t\t\t\t\t\t\t\t\t<p class=\"profile-content\">Sou filho de mission\u00e1rios da Assembleia de Deus que dedicaram suas vidas \u00e0 obra do Senhor no Brasil. Meus pais, entre eles o mission\u00e1rio Bernhard Johnson, me ensinaram desde cedo o valor da f\u00e9, da obedi\u00eancia e do compromisso com o Reino de Deus.\n\nNasci e fui criado em meio \u00e0 obra mission\u00e1ria. Retornei aos Estados Unidos para concluir meus estudos, mas o chamado de Deus para o Brasil sempre permaneceu vivo em meu cora\u00e7\u00e3o. H\u00e1 muitos anos, sirvo como mission\u00e1rio das Assembleias de Deus, participando de congressos, formaturas e encontros voltados \u00e0 edifica\u00e7\u00e3o da Igreja e ao fortalecimento do ensino teol\u00f3gico.\n\nHoje, tenho a alegria e a responsabilidade de servir como presidente da EETAD \u2014 a Escola de Educa\u00e7\u00e3o Teol\u00f3gica das Assembleias de Deus. Nesta miss\u00e3o, meu desejo \u00e9 contribuir para a forma\u00e7\u00e3o de homens e mulheres comprometidos com a Palavra e preparados para servir com excel\u00eancia em cada n\u00facleo, igreja e comunidade.\n\nMinha vida e minist\u00e9rio s\u00e3o guiados por um prop\u00f3sito: glorificar a Deus atrav\u00e9s do ensino da Sua Palavra e continuar o legado mission\u00e1rio que recebi como heran\u00e7a.<\/p>\n\t\t\t\t\t\t\t\t\t<\/div><!-- .profile-body END -->\n\n\t\t\t\t\t\t\t\t\t<div class=\"profile-footer\">\n\t\t\t\t\t\t<ul class=\"ekit-team-social-list\">\n\t\t\t<li class=\"elementor-repeater-item-6a4eb37\">\n\t\t\t<a href=\"https:\/\/facebook.com\" aria-label=\"Facebook\">\n\t\t\t\t<i aria-hidden=\"true\" class=\"icon icon-facebook\"><\/i>\t\t\t<\/a>\n\t\t<\/li>\n\t\t\t<li class=\"elementor-repeater-item-a1554c7\">\n\t\t\t<a href=\"https:\/\/facebook.com\" aria-label=\"Instagram\">\n\t\t\t\t<i aria-hidden=\"true\" class=\"icon icon-instagram-1\"><\/i>\t\t\t<\/a>\n\t\t<\/li>\n\t<\/ul>\n\t\t\t\t\t<\/div>\n\t\t\t\t\t\t\t\t\t<\/div>\n\t\t\t\t\t\t\t\n\t\t\t\n\t\t\t\t<\/div>\t\t\t\t<\/div>\n\t\t\t\t<\/div>\n\t\t\t\t\t<\/div>\n\t\t\t\t<\/div>\n\t\t<div class=\"elementor-element elementor-element-b81d21e e-flex e-con-boxed e-con e-parent\" data-id=\"b81d21e\" data-element_type=\"container\" data-e-type=\"container\">\n\t\t\t\t\t<div class=\"e-con-inner\">\n\t\t\t\t<div class=\"elementor-element elementor-element-11e14d7 elementor-grid-eael-col-3 elementor-grid-tablet-eael-col-3 elementor-grid-mobile-eael-col-1 elementor-widget elementor-widget-eael-post-grid\" data-id=\"11e14d7\" data-element_type=\"widget\" data-e-type=\"widget\" data-settings=\"{&quot;eael_post_grid_columns&quot;:&quot;eael-col-3&quot;,&quot;eael_post_grid_columns_tablet&quot;:&quot;eael-col-3&quot;,&quot;eael_post_grid_columns_mobile&quot;:&quot;eael-col-1&quot;}\" data-widget_type=\"eael-post-grid.default\">\n\t\t\t\t<div class=\"elementor-widget-container\">\n\t\t\t\t\t<div id=\"eael-post-grid-11e14d7\" class=\"eael-post-grid-container\">\n            <div class=\"eael-post-grid eael-post-appender eael-post-appender-11e14d7 eael-post-grid-style-one\" data-layout-mode=\"masonry\"><article class=\"eael-grid-post  eael-post-grid-column eael-pg-post-2751 category-teologia-doutrinas-escatologia-categorias\" data-id=\"2751\">\n        <div class=\"eael-grid-post-holder\">\n            <div class=\"eael-grid-post-holder-inner\"><div class=\"eael-entry-media\"><div class=\"eael-entry-overlay fade-in\"><i class=\"fas fa-external-link-alt\" aria-hidden=\"true\"><\/i><a href=\"https:\/\/raizespentecostais.com.br\/index.php\/uma-expressao-de-fe-e-esperanca-para-a-igreja\/\"><\/a><\/div><div class=\"eael-entry-thumbnail \">\n                <img decoding=\"async\" width=\"300\" height=\"171\" src=\"https:\/\/raizespentecostais.com.br\/wp-content\/uploads\/2025\/05\/promessas-de-Deus-1024x585-1-300x171.webp\" class=\"attachment-medium size-medium wp-image-2753\" alt=\"\" srcset=\"https:\/\/raizespentecostais.com.br\/wp-content\/uploads\/2025\/05\/promessas-de-Deus-1024x585-1-300x171.webp 300w, https:\/\/raizespentecostais.com.br\/wp-content\/uploads\/2025\/05\/promessas-de-Deus-1024x585-1-768x439.webp 768w, https:\/\/raizespentecostais.com.br\/wp-content\/uploads\/2025\/05\/promessas-de-Deus-1024x585-1.webp 1024w\" sizes=\"(max-width: 300px) 100vw, 300px\" \/>\n            <\/div>\n        <\/div><div class=\"eael-entry-wrapper\"><header class=\"eael-entry-header\"><h2 class=\"eael-entry-title\"><a class=\"eael-grid-post-link\" href=\"https:\/\/raizespentecostais.com.br\/index.php\/uma-expressao-de-fe-e-esperanca-para-a-igreja\/\" title=\"Uma express\u00e3o de f\u00e9 e esperan\u00e7a para a igreja\">Uma express\u00e3o de f\u00e9 e esperan\u00e7a para a igreja<\/a><\/h2><\/header><div class=\"eael-entry-content\">\n                        <div class=\"eael-grid-post-excerpt\"><p>Por Pr. Kleber Maia 1 Pastor na Assembleia de Deus em Parnamirim, mestre em teologia, pregador A vis\u00e3o escatol\u00f3gica Pr\u00e9-Tribulacionista,...<\/p><a href=\"https:\/\/raizespentecostais.com.br\/index.php\/uma-expressao-de-fe-e-esperanca-para-a-igreja\/\" class=\"eael-post-elements-readmore-btn\">Leia Mais<\/a><\/div>\n                    <\/div><\/div><\/div>\n        <\/div>\n    <\/article><article class=\"eael-grid-post  eael-post-grid-column eael-pg-post-2732 category-escatologia-categorias\" data-id=\"2732\">\n        <div class=\"eael-grid-post-holder\">\n            <div class=\"eael-grid-post-holder-inner\"><div class=\"eael-entry-media\"><div class=\"eael-entry-overlay fade-in\"><i class=\"fas fa-external-link-alt\" aria-hidden=\"true\"><\/i><a href=\"https:\/\/raizespentecostais.com.br\/index.php\/um-consolo-para-estes-ultimos-dias\/\"><\/a><\/div><div class=\"eael-entry-thumbnail \">\n                <img decoding=\"async\" width=\"300\" height=\"171\" src=\"https:\/\/raizespentecostais.com.br\/wp-content\/uploads\/2025\/05\/Firefly-Aqui-esta-a-imagem-inspirada-no-estilo-de-Gustav-Dore-representando-a-verdade-biblica-sobre-300x171.jpg\" class=\"attachment-medium size-medium wp-image-2733\" alt=\"\" srcset=\"https:\/\/raizespentecostais.com.br\/wp-content\/uploads\/2025\/05\/Firefly-Aqui-esta-a-imagem-inspirada-no-estilo-de-Gustav-Dore-representando-a-verdade-biblica-sobre-300x171.jpg 300w, https:\/\/raizespentecostais.com.br\/wp-content\/uploads\/2025\/05\/Firefly-Aqui-esta-a-imagem-inspirada-no-estilo-de-Gustav-Dore-representando-a-verdade-biblica-sobre-1024x585.jpg 1024w, https:\/\/raizespentecostais.com.br\/wp-content\/uploads\/2025\/05\/Firefly-Aqui-esta-a-imagem-inspirada-no-estilo-de-Gustav-Dore-representando-a-verdade-biblica-sobre-768x439.jpg 768w, https:\/\/raizespentecostais.com.br\/wp-content\/uploads\/2025\/05\/Firefly-Aqui-esta-a-imagem-inspirada-no-estilo-de-Gustav-Dore-representando-a-verdade-biblica-sobre-1536x878.jpg 1536w, https:\/\/raizespentecostais.com.br\/wp-content\/uploads\/2025\/05\/Firefly-Aqui-esta-a-imagem-inspirada-no-estilo-de-Gustav-Dore-representando-a-verdade-biblica-sobre-2048x1170.jpg 2048w\" sizes=\"(max-width: 300px) 100vw, 300px\" \/>\n            <\/div>\n        <\/div><div class=\"eael-entry-wrapper\"><header class=\"eael-entry-header\"><h2 class=\"eael-entry-title\"><a class=\"eael-grid-post-link\" href=\"https:\/\/raizespentecostais.com.br\/index.php\/um-consolo-para-estes-ultimos-dias\/\" title=\"Um consolo para estes \u00faltimos dias\">Um consolo para estes \u00faltimos dias<\/a><\/h2><\/header><div class=\"eael-entry-content\">\n                        <div class=\"eael-grid-post-excerpt\"><p>Por Pr. Terry Johnson Presidente da EETAD e Edi\u00e7\u00f5es Bernhard Johnson Militando no ensino b\u00edblico h\u00e1 tantas d\u00e9cadas, sinto-me confort\u00e1vel...<\/p><a href=\"https:\/\/raizespentecostais.com.br\/index.php\/um-consolo-para-estes-ultimos-dias\/\" class=\"eael-post-elements-readmore-btn\">Leia Mais<\/a><\/div>\n                    <\/div><\/div><\/div>\n        <\/div>\n    <\/article><article class=\"eael-grid-post  eael-post-grid-column eael-pg-post-2729 category-apologetica\" data-id=\"2729\">\n        <div class=\"eael-grid-post-holder\">\n            <div class=\"eael-grid-post-holder-inner\"><div class=\"eael-entry-media\"><div class=\"eael-entry-overlay fade-in\"><i class=\"fas fa-external-link-alt\" aria-hidden=\"true\"><\/i><a href=\"https:\/\/raizespentecostais.com.br\/index.php\/parece-mas-nao-e\/\"><\/a><\/div><div class=\"eael-entry-thumbnail \">\n                <img loading=\"lazy\" decoding=\"async\" width=\"300\" height=\"164\" src=\"https:\/\/raizespentecostais.com.br\/wp-content\/uploads\/2025\/05\/Captura-de-Tela-2025-05-06-as-12.00.33-300x164.png\" class=\"attachment-medium size-medium wp-image-2730\" alt=\"\" srcset=\"https:\/\/raizespentecostais.com.br\/wp-content\/uploads\/2025\/05\/Captura-de-Tela-2025-05-06-as-12.00.33-300x164.png 300w, https:\/\/raizespentecostais.com.br\/wp-content\/uploads\/2025\/05\/Captura-de-Tela-2025-05-06-as-12.00.33-768x420.png 768w, https:\/\/raizespentecostais.com.br\/wp-content\/uploads\/2025\/05\/Captura-de-Tela-2025-05-06-as-12.00.33.png 995w\" sizes=\"(max-width: 300px) 100vw, 300px\" \/>\n            <\/div>\n        <\/div><div class=\"eael-entry-wrapper\"><header class=\"eael-entry-header\"><h2 class=\"eael-entry-title\"><a class=\"eael-grid-post-link\" href=\"https:\/\/raizespentecostais.com.br\/index.php\/parece-mas-nao-e\/\" title=\"Parece, mas n\u00e3o \u00e9\">Parece, mas n\u00e3o \u00e9<\/a><\/h2><\/header><div class=\"eael-entry-content\">\n                        <div class=\"eael-grid-post-excerpt\"><p>Por Pr. Terry Johnson Presidente da EETAD e Edi\u00e7\u00f5es Bernhard Johnson O ativista pol\u00edtico Nelson Mandela foi preso nos anos...<\/p><a href=\"https:\/\/raizespentecostais.com.br\/index.php\/parece-mas-nao-e\/\" class=\"eael-post-elements-readmore-btn\">Leia Mais<\/a><\/div>\n                    <\/div><\/div><\/div>\n        <\/div>\n    <\/article><\/div>\n            <div class=\"clearfix\"><\/div>\n        <\/div>            <div class=\"eael-load-more-button-wrap eael-force-hide\">\n                <button class=\"eael-load-more-button\" id=\"eael-load-more-btn-11e14d7\" data-widget-id=\"11e14d7\" data-widget=\"11e14d7\" data-page-id=\"1366\" data-template=\"{&quot;dir&quot;:&quot;lite&quot;,&quot;file_name&quot;:&quot;one.php&quot;,&quot;name&quot;:&quot;Post-Grid&quot;}\" data-class=\"Essential_Addons_Elementor\\Elements\\Post_Grid\" data-layout=\"masonry\" data-page=\"1\" data-args=\"orderby=date&amp;order=desc&amp;ignore_sticky_posts=1&amp;post_status=publish&amp;posts_per_page=3&amp;offset=0&amp;post_type=post&amp;author__in%5B0%5D=12\" data-max-page=\"3\">\n                    <span class=\"eael-btn-loader button__loader\"><\/span>\n                    <span class=\"eael_load_more_text\">Load More<\/span>\n                <\/button>\n            <\/div>\n            \t\t\t\t<\/div>\n\t\t\t\t<\/div>\n\t\t\t\t\t<\/div>\n\t\t\t\t<\/div>\n\t\t\t\t<\/div>\n\t\t","protected":false},"excerpt":{"rendered":"<p>Pr. Terry Johnson PRESIDENTE DA EETAD Sou filho de mission\u00e1rios da Assembleia de Deus que dedicaram suas vidas \u00e0 obra [&hellip;]<\/p>\n","protected":false},"author":1,"featured_media":0,"parent":0,"menu_order":0,"comment_status":"closed","ping_status":"closed","template":"","meta":{"site-sidebar-layout":"default","site-content-layout":"","ast-site-content-layout":"default","site-content-style":"default","site-sidebar-style":"default","ast-global-header-display":"","ast-banner-title-visibility":"","ast-main-header-display":"","ast-hfb-above-header-display":"","ast-hfb-below-header-display":"","ast-hfb-mobile-header-display":"","site-post-title":"disabled","ast-breadcrumbs-content":"","ast-featured-img":"","footer-sml-layout":"","theme-transparent-header-meta":"","adv-header-id-meta":"","stick-header-meta":"","header-above-stick-meta":"","header-main-stick-meta":"","header-below-stick-meta":"","astra-migrate-meta-layouts":"default","ast-page-background-enabled":"default","ast-page-background-meta":{"desktop":{"background-color":"var(--ast-global-color-5)","background-image":"","background-repeat":"repeat","background-position":"center center","background-size":"auto","background-attachment":"scroll","background-type":"","background-media":"","overlay-type":"","overlay-color":"","overlay-opacity":"","overlay-gradient":""},"tablet":{"background-color":"","background-image":"","background-repeat":"repeat","background-position":"center center","background-size":"auto","background-attachment":"scroll","background-type":"","background-media":"","overlay-type":"","overlay-color":"","overlay-opacity":"","overlay-gradient":""},"mobile":{"background-color":"","background-image":"","background-repeat":"repeat","background-position":"center center","background-size":"auto","background-attachment":"scroll","background-type":"","background-media":"","overlay-type":"","overlay-color":"","overlay-opacity":"","overlay-gradient":""}},"ast-content-background-meta":{"desktop":{"background-color":"var(--ast-global-color-4)","background-image":"","background-repeat":"repeat","background-position":"center center","background-size":"auto","background-attachment":"scroll","background-type":"","background-media":"","overlay-type":"","overlay-color":"","overlay-opacity":"","overlay-gradient":""},"tablet":{"background-color":"var(--ast-global-color-4)","background-image":"","background-repeat":"repeat","background-position":"center center","background-size":"auto","background-attachment":"scroll","background-type":"","background-media":"","overlay-type":"","overlay-color":"","overlay-opacity":"","overlay-gradient":""},"mobile":{"background-color":"var(--ast-global-color-4)","background-image":"","background-repeat":"repeat","background-position":"center center","background-size":"auto","background-attachment":"scroll","background-type":"","background-media":"","overlay-type":"","overlay-color":"","overlay-opacity":"","overlay-gradient":""}},"footnotes":""},"class_list":["post-1366","page","type-page","status-publish","hentry"],"_links":{"self":[{"href":"https:\/\/raizespentecostais.com.br\/index.php\/wp-json\/wp\/v2\/pages\/1366","targetHints":{"allow":["GET"]}}],"collection":[{"href":"https:\/\/raizespentecostais.com.br\/index.php\/wp-json\/wp\/v2\/pages"}],"about":[{"href":"https:\/\/raizespentecostais.com.br\/index.php\/wp-json\/wp\/v2\/types\/page"}],"author":[{"embeddable":true,"href":"https:\/\/raizespentecostais.com.br\/index.php\/wp-json\/wp\/v2\/users\/1"}],"replies":[{"embeddable":true,"href":"https:\/\/raizespentecostais.com.br\/index.php\/wp-json\/wp\/v2\/comments?post=1366"}],"version-history":[{"count":26,"href":"https:\/\/raizespentecostais.com.br\/index.php\/wp-json\/wp\/v2\/pages\/1366\/revisions"}],"predecessor-version":[{"id":3397,"href":"https:\/\/raizespentecostais.com.br\/index.php\/wp-json\/wp\/v2\/pages\/1366\/revisions\/3397"}],"wp:attachment":[{"href":"https:\/\/raizespentecostais.com.br\/index.php\/wp-json\/wp\/v2\/media?parent=1366"}],"curies":[{"name":"wp","href":"https:\/\/api.w.org\/{rel}","templated":true}]}}