{"id":1371,"date":"2024-09-25T18:16:57","date_gmt":"2024-09-25T18:16:57","guid":{"rendered":"http:\/\/raizespentecostais.com.br\/?page_id=1371"},"modified":"2025-10-21T19:21:44","modified_gmt":"2025-10-21T19:21:44","slug":"pr-gunar-berg","status":"publish","type":"page","link":"https:\/\/raizespentecostais.com.br\/index.php\/pr-gunar-berg\/","title":{"rendered":"Pr. Gunar Berg"},"content":{"rendered":"\t\t<div data-elementor-type=\"wp-page\" data-elementor-id=\"1371\" class=\"elementor elementor-1371\">\n\t\t\t\t<div class=\"elementor-element elementor-element-2ab897d e-flex e-con-boxed e-con e-parent\" data-id=\"2ab897d\" data-element_type=\"container\" data-e-type=\"container\" data-settings=\"{&quot;background_background&quot;:&quot;classic&quot;}\">\n\t\t\t\t\t<div class=\"e-con-inner\">\n\t\t\t\t<div class=\"elementor-element elementor-element-57c4820 elementor-widget__width-inherit elementor-widget elementor-widget-elementskit-team\" data-id=\"57c4820\" data-element_type=\"widget\" data-e-type=\"widget\" data-widget_type=\"elementskit-team.default\">\n\t\t\t\t<div class=\"elementor-widget-container\">\n\t\t\t\t\t<div class=\"ekit-wid-con\">\t\t\t\t\t\t\t\t\n\t\t<div class=\"profile-card elementor-animation- text-center ekit-team-style-default\">\n\t\t\t\n\t\t\t\t<div class=\"profile-header ekit-team-img ekit-img-overlay ekit-team-img-block\" >\n\t\t\t\t\t<img fetchpriority=\"high\" decoding=\"async\" width=\"275\" height=\"300\" src=\"https:\/\/raizespentecostais.com.br\/wp-content\/uploads\/2025\/10\/Captura-de-Tela-2025-10-21-as-16.13.39-275x300.png\" class=\"attachment-medium size-medium wp-image-3310\" alt=\"\" srcset=\"https:\/\/raizespentecostais.com.br\/wp-content\/uploads\/2025\/10\/Captura-de-Tela-2025-10-21-as-16.13.39-275x300.png 275w, https:\/\/raizespentecostais.com.br\/wp-content\/uploads\/2025\/10\/Captura-de-Tela-2025-10-21-as-16.13.39.png 595w\" sizes=\"(max-width: 275px) 100vw, 275px\" \/>\t\t\t\t<\/div><!-- .profile-header END -->\n\t\t\t\n\n\t\t\t\t<div class=\"profile-body\">\n\t\t\t\t\t\n\t\t\t\t\t<h2 class=\"profile-title\">\n\t\t\t\t\t\t\t\t\t\t\tPr. Gunar Berg\t\t\t\t\t\t\t\t\t\t<\/h2>\n\t\t\t\t\t<p class=\"profile-designation\">SUPERINTENDENTE DA EETAD<\/p>\n\t\t\t\t\t\t\t\t\t\t<p class=\"profile-content\">Gunar Berg de Andrade \u00e9 historiador e formado em Teologia pelo Instituto B\u00edblico Pentecostal e pela Global University. De suas atividades destaca-se que \u00e9 coordenador acad\u00eamico da Escola e Faculdade de Educa\u00e7\u00e3o Teol\u00f3gica das Assembleias de Deus - EETAD e FAETAD, professor-fundador do Instituto B\u00edblico de Paul\u00ednia (SP) e professor-convidado de outros semin\u00e1rios. Seus artigos e reflex\u00f5es s\u00e3o publicados nos peri\u00f3dicos da Casa Publicadora das Assembleias de Deus - CPAD; al\u00e9m disso, mant\u00e9m um canal no YouTube (youtube.com\/c\/gunarberg). Ele \u00e9 co-autor e autor de outros 5 t\u00edtulos. Nascido em Diadema-SP, o pastor Gunar Berg e sua esposa Ana L\u00facia e suas duas heran\u00e7as, Estev\u00e3o (15) e Amy Beatrice (8), moram no interior do estado de S\u00e3o Paulo, e servem ao Senhor nas Assembleias de Deus.<\/p>\n\t\t\t\t\t\t\t\t\t<\/div><!-- .profile-body END -->\n\n\t\t\t\t\t\t\t\t\t<div class=\"profile-footer\">\n\t\t\t\t\t\t<ul class=\"ekit-team-social-list\">\n\t\t\t<li class=\"elementor-repeater-item-4feae97\">\n\t\t\t<a href=\"https:\/\/facebook.com\" aria-label=\"Facebook\">\n\t\t\t\t<i aria-hidden=\"true\" class=\"icon icon-facebook\"><\/i>\t\t\t<\/a>\n\t\t<\/li>\n\t\t\t<li class=\"elementor-repeater-item-ac514ae\">\n\t\t\t<a href=\"https:\/\/facebook.com\" aria-label=\"Instagram\">\n\t\t\t\t<i aria-hidden=\"true\" class=\"icon icon-instagram-1\"><\/i>\t\t\t<\/a>\n\t\t<\/li>\n\t<\/ul>\n\t\t\t\t\t<\/div>\n\t\t\t\t\t\t\t\t\t<\/div>\n\t\t\t\t\t\t\t\n\t\t\t\n\t\t\t\t<\/div>\t\t\t\t<\/div>\n\t\t\t\t<\/div>\n\t\t\t\t\t<\/div>\n\t\t\t\t<\/div>\n\t\t<div class=\"elementor-element elementor-element-b81d21e e-flex e-con-boxed e-con e-parent\" data-id=\"b81d21e\" data-element_type=\"container\" data-e-type=\"container\">\n\t\t\t\t\t<div class=\"e-con-inner\">\n\t\t\t\t<div class=\"elementor-element elementor-element-11e14d7 elementor-grid-eael-col-3 elementor-grid-tablet-eael-col-3 elementor-grid-mobile-eael-col-1 elementor-widget elementor-widget-eael-post-grid\" data-id=\"11e14d7\" data-element_type=\"widget\" data-e-type=\"widget\" data-settings=\"{&quot;eael_post_grid_columns&quot;:&quot;eael-col-3&quot;,&quot;eael_post_grid_columns_tablet&quot;:&quot;eael-col-3&quot;,&quot;eael_post_grid_columns_mobile&quot;:&quot;eael-col-1&quot;}\" data-widget_type=\"eael-post-grid.default\">\n\t\t\t\t<div class=\"elementor-widget-container\">\n\t\t\t\t\t<div id=\"eael-post-grid-11e14d7\" class=\"eael-post-grid-container\">\n            <div class=\"eael-post-grid eael-post-appender eael-post-appender-11e14d7 eael-post-grid-style-default\" data-layout-mode=\"masonry\"><article class=\"eael-grid-post eael-post-grid-column eael-pg-post-2726 category-escatologia-categorias\" data-id=\"2726\">\n        <div class=\"eael-grid-post-holder\">\n            <div class=\"eael-grid-post-holder-inner\"><div class=\"eael-entry-wrapper\"><header class=\"eael-entry-header\"><h2 class=\"eael-entry-title\"><a\n                        class=\"eael-grid-post-link\"\n                        href=\"https:\/\/raizespentecostais.com.br\/index.php\/pre-tribulacionismo-mais-que-uma-disciplina-academica\/\"\n                        title=\"Pr\u00e9-tribulacionismo: Mais que uma disciplina acad\u00eamica\">Pr\u00e9-tribulacionismo: Mais que uma disciplina acad\u00eamica<\/a><\/h2><\/header><div class=\"eael-entry-content\">\n                        <div class=\"eael-grid-post-excerpt\"><p>Pr. Gunar Berg 1Superintendente da EETAD e Edi\u00e7\u00f5es Bernhard Johnson O mau jornalismo se utiliza de um recurso ardiloso na...<\/p><a href=\"https:\/\/raizespentecostais.com.br\/index.php\/pre-tribulacionismo-mais-que-uma-disciplina-academica\/\" class=\"eael-post-elements-readmore-btn\">Leia Mais<\/a><\/div>\n                    <\/div><div class=\"eael-entry-footer\"><div class=\"eael-entry-meta\"><span class=\"eael-posted-by\"><a href=\"https:\/\/raizespentecostais.com.br\/index.php\/author\/pr-gunar-berg\/\" title=\"Posts de Gunar Berg\" rel=\"author\">Gunar Berg<\/a><\/span><\/div><\/div><\/div><div class=\"eael-entry-media\"><ul class=\"post-carousel-categories\"><li><a href=\"https:\/\/raizespentecostais.com.br\/index.php\/category\/categorias\/escatologia-categorias\/\">Escatologia<\/a><\/li><\/ul><div class=\"eael-entry-overlay fade-in\"><i class=\"fas fa-external-link-alt\" aria-hidden=\"true\"><\/i><a href=\"https:\/\/raizespentecostais.com.br\/index.php\/pre-tribulacionismo-mais-que-uma-disciplina-academica\/\"><\/a><\/div><div class=\"eael-entry-thumbnail \">\n                <img decoding=\"async\" width=\"300\" height=\"171\" src=\"https:\/\/raizespentecostais.com.br\/wp-content\/uploads\/2025\/05\/DALL\u00b7E-2024-09-11-15.02-300x171.png\" class=\"attachment-medium size-medium wp-image-2727\" alt=\"\" srcset=\"https:\/\/raizespentecostais.com.br\/wp-content\/uploads\/2025\/05\/DALL\u00b7E-2024-09-11-15.02-300x171.png 300w, https:\/\/raizespentecostais.com.br\/wp-content\/uploads\/2025\/05\/DALL\u00b7E-2024-09-11-15.02-1024x585.png 1024w, https:\/\/raizespentecostais.com.br\/wp-content\/uploads\/2025\/05\/DALL\u00b7E-2024-09-11-15.02-768x439.png 768w, https:\/\/raizespentecostais.com.br\/wp-content\/uploads\/2025\/05\/DALL\u00b7E-2024-09-11-15.02-1536x878.png 1536w, https:\/\/raizespentecostais.com.br\/wp-content\/uploads\/2025\/05\/DALL\u00b7E-2024-09-11-15.02.png 1792w\" sizes=\"(max-width: 300px) 100vw, 300px\" \/>\n            <\/div>\n        <\/div><\/div>\n        <\/div>\n    <\/article><article class=\"eael-grid-post eael-post-grid-column eael-pg-post-2723 category-devocional-historia\" data-id=\"2723\">\n        <div class=\"eael-grid-post-holder\">\n            <div class=\"eael-grid-post-holder-inner\"><div class=\"eael-entry-wrapper\"><header class=\"eael-entry-header\"><h2 class=\"eael-entry-title\"><a\n                        class=\"eael-grid-post-link\"\n                        href=\"https:\/\/raizespentecostais.com.br\/index.php\/uma-geracao-ensinara-a-outra-as-tuas-obras\/\"\n                        title=\"Uma gera\u00e7\u00e3o ensinar\u00e1 a outra as tuas obras\">Uma gera\u00e7\u00e3o ensinar\u00e1 a outra as tuas obras<\/a><\/h2><\/header><div class=\"eael-entry-content\">\n                        <div class=\"eael-grid-post-excerpt\"><p>Pr. Gunar Berg 1Superintendente da EETAD e Edi\u00e7\u00f5es Bernhard Johnson Houve um tempo em que todos os que trabalhavam neste...<\/p><a href=\"https:\/\/raizespentecostais.com.br\/index.php\/uma-geracao-ensinara-a-outra-as-tuas-obras\/\" class=\"eael-post-elements-readmore-btn\">Leia Mais<\/a><\/div>\n                    <\/div><div class=\"eael-entry-footer\"><div class=\"eael-entry-meta\"><span class=\"eael-posted-by\"><a href=\"https:\/\/raizespentecostais.com.br\/index.php\/author\/pr-gunar-berg\/\" title=\"Posts de Gunar Berg\" rel=\"author\">Gunar Berg<\/a><\/span><\/div><\/div><\/div><div class=\"eael-entry-media\"><ul class=\"post-carousel-categories\"><li><a href=\"https:\/\/raizespentecostais.com.br\/index.php\/category\/categorias\/devocional\/\">Devocional<\/a><\/li><\/ul><div class=\"eael-entry-overlay fade-in\"><i class=\"fas fa-external-link-alt\" aria-hidden=\"true\"><\/i><a href=\"https:\/\/raizespentecostais.com.br\/index.php\/uma-geracao-ensinara-a-outra-as-tuas-obras\/\"><\/a><\/div><div class=\"eael-entry-thumbnail \">\n                <img decoding=\"async\" width=\"300\" height=\"195\" src=\"https:\/\/raizespentecostais.com.br\/wp-content\/uploads\/2025\/05\/Captura-de-Tela-2025-05-06-as-11.46.01-300x195.png\" class=\"attachment-medium size-medium wp-image-2724\" alt=\"\" srcset=\"https:\/\/raizespentecostais.com.br\/wp-content\/uploads\/2025\/05\/Captura-de-Tela-2025-05-06-as-11.46.01-300x195.png 300w, https:\/\/raizespentecostais.com.br\/wp-content\/uploads\/2025\/05\/Captura-de-Tela-2025-05-06-as-11.46.01-1024x664.png 1024w, https:\/\/raizespentecostais.com.br\/wp-content\/uploads\/2025\/05\/Captura-de-Tela-2025-05-06-as-11.46.01-768x498.png 768w, https:\/\/raizespentecostais.com.br\/wp-content\/uploads\/2025\/05\/Captura-de-Tela-2025-05-06-as-11.46.01.png 1238w\" sizes=\"(max-width: 300px) 100vw, 300px\" \/>\n            <\/div>\n        <\/div><\/div>\n        <\/div>\n    <\/article><article class=\"eael-grid-post eael-post-grid-column eael-pg-post-2549 category-categorias-teologia-doutrinas-historia\" data-id=\"2549\">\n        <div class=\"eael-grid-post-holder\">\n            <div class=\"eael-grid-post-holder-inner\"><div class=\"eael-entry-wrapper\"><header class=\"eael-entry-header\"><h2 class=\"eael-entry-title\"><a\n                        class=\"eael-grid-post-link\"\n                        href=\"https:\/\/raizespentecostais.com.br\/index.php\/do-cenaculo-ao-gueto\/\"\n                        title=\"Do cen\u00e1culo ao gueto\">Do cen\u00e1culo ao gueto<\/a><\/h2><\/header><div class=\"eael-entry-content\">\n                        <div class=\"eael-grid-post-excerpt\"><p>Pr. Gunar Berg 1Superintendente da EETAD e Edi\u00e7\u00f5es Bernhard Johnson A igreja apost\u00f3lica viveu nas sombras, escondeu-se em catacumbas, cultuou...<\/p><a href=\"https:\/\/raizespentecostais.com.br\/index.php\/do-cenaculo-ao-gueto\/\" class=\"eael-post-elements-readmore-btn\">Leia Mais<\/a><\/div>\n                    <\/div><div class=\"eael-entry-footer\"><div class=\"eael-entry-meta\"><span class=\"eael-posted-by\"><a href=\"https:\/\/raizespentecostais.com.br\/index.php\/author\/pr-gunar-berg\/\" title=\"Posts de Gunar Berg\" rel=\"author\">Gunar Berg<\/a><\/span><\/div><\/div><\/div><div class=\"eael-entry-media\"><ul class=\"post-carousel-categories\"><li><a href=\"https:\/\/raizespentecostais.com.br\/index.php\/category\/categorias\/\">Categorias<\/a><\/li><\/ul><div class=\"eael-entry-overlay fade-in\"><i class=\"fas fa-external-link-alt\" aria-hidden=\"true\"><\/i><a href=\"https:\/\/raizespentecostais.com.br\/index.php\/do-cenaculo-ao-gueto\/\"><\/a><\/div><div class=\"eael-entry-thumbnail \">\n                <img loading=\"lazy\" decoding=\"async\" width=\"300\" height=\"194\" src=\"https:\/\/raizespentecostais.com.br\/wp-content\/uploads\/2025\/04\/pexels-nikko-tan-12261-133699-e1744382444204-300x194.jpg\" class=\"attachment-medium size-medium wp-image-2564\" alt=\"\" srcset=\"https:\/\/raizespentecostais.com.br\/wp-content\/uploads\/2025\/04\/pexels-nikko-tan-12261-133699-e1744382444204-300x194.jpg 300w, https:\/\/raizespentecostais.com.br\/wp-content\/uploads\/2025\/04\/pexels-nikko-tan-12261-133699-e1744382444204-1024x663.jpg 1024w, https:\/\/raizespentecostais.com.br\/wp-content\/uploads\/2025\/04\/pexels-nikko-tan-12261-133699-e1744382444204-768x497.jpg 768w, https:\/\/raizespentecostais.com.br\/wp-content\/uploads\/2025\/04\/pexels-nikko-tan-12261-133699-e1744382444204.jpg 1390w\" sizes=\"(max-width: 300px) 100vw, 300px\" \/>\n            <\/div>\n        <\/div><\/div>\n        <\/div>\n    <\/article><\/div>\n            <div class=\"clearfix\"><\/div>\n        <\/div>            <div class=\"eael-load-more-button-wrap eael-infinity-scroll\" data-offset=\"-200\">\n                <button class=\"eael-load-more-button\" id=\"eael-load-more-btn-11e14d7\" data-widget-id=\"11e14d7\" data-widget=\"11e14d7\" data-page-id=\"1371\" data-template=\"{&quot;dir&quot;:&quot;lite&quot;,&quot;file_name&quot;:&quot;default.php&quot;,&quot;name&quot;:&quot;Post-Grid&quot;}\" data-class=\"Essential_Addons_Elementor\\Elements\\Post_Grid\" data-layout=\"masonry\" data-page=\"1\" data-args=\"orderby=date&amp;order=desc&amp;ignore_sticky_posts=1&amp;post_status=publish&amp;posts_per_page=3&amp;offset=0&amp;post_type=post&amp;author__in%5B0%5D=10\" data-max-page=\"4\">\n                    <span class=\"eael-btn-loader button__loader\"><\/span>\n                    <span class=\"eael_load_more_text\">Load More<\/span>\n                <\/button>\n            <\/div>\n            \t\t\t\t<\/div>\n\t\t\t\t<\/div>\n\t\t\t\t\t<\/div>\n\t\t\t\t<\/div>\n\t\t\t\t<\/div>\n\t\t","protected":false},"excerpt":{"rendered":"<p>Pr. Gunar Berg SUPERINTENDENTE DA EETAD Gunar Berg de Andrade \u00e9 historiador e formado em Teologia pelo Instituto B\u00edblico Pentecostal [&hellip;]<\/p>\n","protected":false},"author":1,"featured_media":0,"parent":0,"menu_order":0,"comment_status":"closed","ping_status":"closed","template":"","meta":{"site-sidebar-layout":"default","site-content-layout":"","ast-site-content-layout":"default","site-content-style":"default","site-sidebar-style":"default","ast-global-header-display":"","ast-banner-title-visibility":"","ast-main-header-display":"","ast-hfb-above-header-display":"","ast-hfb-below-header-display":"","ast-hfb-mobile-header-display":"","site-post-title":"disabled","ast-breadcrumbs-content":"","ast-featured-img":"","footer-sml-layout":"","theme-transparent-header-meta":"","adv-header-id-meta":"","stick-header-meta":"","header-above-stick-meta":"","header-main-stick-meta":"","header-below-stick-meta":"","astra-migrate-meta-layouts":"default","ast-page-background-enabled":"default","ast-page-background-meta":{"desktop":{"background-color":"var(--ast-global-color-5)","background-image":"","background-repeat":"repeat","background-position":"center center","background-size":"auto","background-attachment":"scroll","background-type":"","background-media":"","overlay-type":"","overlay-color":"","overlay-opacity":"","overlay-gradient":""},"tablet":{"background-color":"","background-image":"","background-repeat":"repeat","background-position":"center center","background-size":"auto","background-attachment":"scroll","background-type":"","background-media":"","overlay-type":"","overlay-color":"","overlay-opacity":"","overlay-gradient":""},"mobile":{"background-color":"","background-image":"","background-repeat":"repeat","background-position":"center center","background-size":"auto","background-attachment":"scroll","background-type":"","background-media":"","overlay-type":"","overlay-color":"","overlay-opacity":"","overlay-gradient":""}},"ast-content-background-meta":{"desktop":{"background-color":"var(--ast-global-color-4)","background-image":"","background-repeat":"repeat","background-position":"center center","background-size":"auto","background-attachment":"scroll","background-type":"","background-media":"","overlay-type":"","overlay-color":"","overlay-opacity":"","overlay-gradient":""},"tablet":{"background-color":"var(--ast-global-color-4)","background-image":"","background-repeat":"repeat","background-position":"center center","background-size":"auto","background-attachment":"scroll","background-type":"","background-media":"","overlay-type":"","overlay-color":"","overlay-opacity":"","overlay-gradient":""},"mobile":{"background-color":"var(--ast-global-color-4)","background-image":"","background-repeat":"repeat","background-position":"center center","background-size":"auto","background-attachment":"scroll","background-type":"","background-media":"","overlay-type":"","overlay-color":"","overlay-opacity":"","overlay-gradient":""}},"footnotes":""},"class_list":["post-1371","page","type-page","status-publish","hentry"],"_links":{"self":[{"href":"https:\/\/raizespentecostais.com.br\/index.php\/wp-json\/wp\/v2\/pages\/1371","targetHints":{"allow":["GET"]}}],"collection":[{"href":"https:\/\/raizespentecostais.com.br\/index.php\/wp-json\/wp\/v2\/pages"}],"about":[{"href":"https:\/\/raizespentecostais.com.br\/index.php\/wp-json\/wp\/v2\/types\/page"}],"author":[{"embeddable":true,"href":"https:\/\/raizespentecostais.com.br\/index.php\/wp-json\/wp\/v2\/users\/1"}],"replies":[{"embeddable":true,"href":"https:\/\/raizespentecostais.com.br\/index.php\/wp-json\/wp\/v2\/comments?post=1371"}],"version-history":[{"count":44,"href":"https:\/\/raizespentecostais.com.br\/index.php\/wp-json\/wp\/v2\/pages\/1371\/revisions"}],"predecessor-version":[{"id":3317,"href":"https:\/\/raizespentecostais.com.br\/index.php\/wp-json\/wp\/v2\/pages\/1371\/revisions\/3317"}],"wp:attachment":[{"href":"https:\/\/raizespentecostais.com.br\/index.php\/wp-json\/wp\/v2\/media?parent=1371"}],"curies":[{"name":"wp","href":"https:\/\/api.w.org\/{rel}","templated":true}]}}