{"id":1376,"date":"2024-09-25T18:18:20","date_gmt":"2024-09-25T18:18:20","guid":{"rendered":"http:\/\/raizespentecostais.com.br\/?page_id=1376"},"modified":"2025-10-22T12:46:50","modified_gmt":"2025-10-22T12:46:50","slug":"pr-claudionor-de-andrade","status":"publish","type":"page","link":"https:\/\/raizespentecostais.com.br\/index.php\/pr-claudionor-de-andrade\/","title":{"rendered":"Pr. Claudionor de Andrade"},"content":{"rendered":"\t\t<div data-elementor-type=\"wp-page\" data-elementor-id=\"1376\" class=\"elementor elementor-1376\">\n\t\t\t\t<div class=\"elementor-element elementor-element-f298349 e-flex e-con-boxed e-con e-parent\" data-id=\"f298349\" data-element_type=\"container\" data-e-type=\"container\">\n\t\t\t\t\t<div class=\"e-con-inner\">\n\t\t\t\t<div class=\"elementor-element elementor-element-4d25887 elementor-widget elementor-widget-elementskit-team\" data-id=\"4d25887\" data-element_type=\"widget\" data-e-type=\"widget\" data-widget_type=\"elementskit-team.default\">\n\t\t\t\t<div class=\"elementor-widget-container\">\n\t\t\t\t\t<div class=\"ekit-wid-con\">\t\t\t\t\t\t\t\t\n\t\t<div class=\"profile-card elementor-animation- text-center ekit-team-style-default\">\n\t\t\t\n\t\t\t\t<div class=\"profile-header ekit-team-img ekit-img-overlay ekit-team-img-block\" >\n\t\t\t\t\t<img fetchpriority=\"high\" decoding=\"async\" width=\"1024\" height=\"1024\" src=\"https:\/\/raizespentecostais.com.br\/wp-content\/uploads\/2024\/10\/pr-claudionor-andrade-1024x1024.jpg\" class=\"attachment-large size-large wp-image-2058\" alt=\"\" srcset=\"https:\/\/raizespentecostais.com.br\/wp-content\/uploads\/2024\/10\/pr-claudionor-andrade-1024x1024.jpg 1024w, https:\/\/raizespentecostais.com.br\/wp-content\/uploads\/2024\/10\/pr-claudionor-andrade-300x300.jpg 300w, https:\/\/raizespentecostais.com.br\/wp-content\/uploads\/2024\/10\/pr-claudionor-andrade-150x150.jpg 150w, https:\/\/raizespentecostais.com.br\/wp-content\/uploads\/2024\/10\/pr-claudionor-andrade-768x768.jpg 768w, https:\/\/raizespentecostais.com.br\/wp-content\/uploads\/2024\/10\/pr-claudionor-andrade.jpg 1080w\" sizes=\"(max-width: 1024px) 100vw, 1024px\" \/>\t\t\t\t<\/div><!-- .profile-header END -->\n\t\t\t\n\n\t\t\t\t<div class=\"profile-body\">\n\t\t\t\t\t\n\t\t\t\t\t<h2 class=\"profile-title\">\n\t\t\t\t\t\t\t\t\t\t\tPr. Claudionor de Andrade\t\t\t\t\t\t\t\t\t\t<\/h2>\n\t\t\t\t\t<p class=\"profile-designation\">Pastor e escritor<\/p>\n\t\t\t\t\t\t\t\t\t\t<p class=\"profile-content\">Ministro do Santo Evangelho, o irm\u00e3o Claudionor de Andrade \u00e9 Conselheiro B\u00edblico da EETAD, professor de Escola Dominical e autor de v\u00e1rios livros, entre os quais o Dicion\u00e1rio Teol\u00f3gico, o Dicion\u00e1rio de Profecia B\u00edblica e Geografia B\u00edblica, publicados pela CPAD. Pregador e conferencista, ele roga a Deus que o ajude a falar t\u00e3o somente o que conv\u00e9m \u00e0 s\u00e3 Doutrina. E roga aos redimidos que orem por ele, porque, conforme suas palavras, \"sem Jesus nada posso fazer\".<\/p>\n\t\t\t\t\t\t\t\t\t<\/div><!-- .profile-body END -->\n\n\t\t\t\t\t\t\t\t\t<div class=\"profile-footer\">\n\t\t\t\t\t\t<ul class=\"ekit-team-social-list\">\n\t\t\t<li class=\"elementor-repeater-item-6c7b0fd\">\n\t\t\t<a href=\"https:\/\/facebook.com\" aria-label=\"Youtube\">\n\t\t\t\t<i aria-hidden=\"true\" class=\"icon icon-youtube-1\"><\/i>\t\t\t<\/a>\n\t\t<\/li>\n\t\t\t<li class=\"elementor-repeater-item-09198af\">\n\t\t\t<a href=\"https:\/\/facebook.com\" aria-label=\"Instagram\">\n\t\t\t\t<i aria-hidden=\"true\" class=\"icon icon-instagram-1\"><\/i>\t\t\t<\/a>\n\t\t<\/li>\n\t\t\t<li class=\"elementor-repeater-item-3f3a6ee\">\n\t\t\t<a href=\"https:\/\/facebook.com\" aria-label=\"Facebook\">\n\t\t\t\t<i aria-hidden=\"true\" class=\"icon icon-facebook\"><\/i>\t\t\t<\/a>\n\t\t<\/li>\n\t<\/ul>\n\t\t\t\t\t<\/div>\n\t\t\t\t\t\t\t\t\t<\/div>\n\t\t\t\t\t\t\t\n\t\t\t\n\t\t\t\t<\/div>\t\t\t\t<\/div>\n\t\t\t\t<\/div>\n\t\t\t\t\t<\/div>\n\t\t\t\t<\/div>\n\t\t<div class=\"elementor-element elementor-element-b81d21e e-flex e-con-boxed e-con e-parent\" data-id=\"b81d21e\" data-element_type=\"container\" data-e-type=\"container\">\n\t\t\t\t\t<div class=\"e-con-inner\">\n\t\t\t\t<div class=\"elementor-element elementor-element-11e14d7 elementor-grid-eael-col-3 elementor-grid-tablet-eael-col-3 elementor-grid-mobile-eael-col-1 elementor-widget elementor-widget-eael-post-grid\" data-id=\"11e14d7\" data-element_type=\"widget\" data-e-type=\"widget\" data-settings=\"{&quot;eael_post_grid_columns&quot;:&quot;eael-col-3&quot;,&quot;eael_post_grid_columns_tablet&quot;:&quot;eael-col-3&quot;,&quot;eael_post_grid_columns_mobile&quot;:&quot;eael-col-1&quot;}\" data-widget_type=\"eael-post-grid.default\">\n\t\t\t\t<div class=\"elementor-widget-container\">\n\t\t\t\t\t<div id=\"eael-post-grid-11e14d7\" class=\"eael-post-grid-container\">\n            <div class=\"eael-post-grid eael-post-appender eael-post-appender-11e14d7 eael-post-grid-style-one\" data-layout-mode=\"masonry\"><article class=\"eael-grid-post  eael-post-grid-column eael-pg-post-2755 category-biblia-hermeneutica-e-exegese-teologia-doutrinas-escatologia-categorias\" data-id=\"2755\">\n        <div class=\"eael-grid-post-holder\">\n            <div class=\"eael-grid-post-holder-inner\"><div class=\"eael-entry-media\"><div class=\"eael-entry-overlay fade-in\"><i class=\"fas fa-external-link-alt\" aria-hidden=\"true\"><\/i><a href=\"https:\/\/raizespentecostais.com.br\/index.php\/a-teologia-biblica-pre-tribulacional\/\"><\/a><\/div><div class=\"eael-entry-thumbnail \">\n                <img decoding=\"async\" width=\"300\" height=\"169\" src=\"https:\/\/raizespentecostais.com.br\/wp-content\/uploads\/2025\/05\/A-teologia-biblica-300x169.png\" class=\"attachment-medium size-medium wp-image-3677\" alt=\"\" srcset=\"https:\/\/raizespentecostais.com.br\/wp-content\/uploads\/2025\/05\/A-teologia-biblica-300x169.png 300w, https:\/\/raizespentecostais.com.br\/wp-content\/uploads\/2025\/05\/A-teologia-biblica-1024x576.png 1024w, https:\/\/raizespentecostais.com.br\/wp-content\/uploads\/2025\/05\/A-teologia-biblica-768x432.png 768w, https:\/\/raizespentecostais.com.br\/wp-content\/uploads\/2025\/05\/A-teologia-biblica.png 1280w\" sizes=\"(max-width: 300px) 100vw, 300px\" \/>\n            <\/div>\n        <\/div><div class=\"eael-entry-wrapper\"><header class=\"eael-entry-header\"><h2 class=\"eael-entry-title\"><a class=\"eael-grid-post-link\" href=\"https:\/\/raizespentecostais.com.br\/index.php\/a-teologia-biblica-pre-tribulacional\/\" title=\"A teologia b\u00edblica pr\u00e9-tribulacional\">A teologia b\u00edblica pr\u00e9-tribulacional<\/a><\/h2><\/header><div class=\"eael-entry-content\">\n                        <div class=\"eael-grid-post-excerpt\"><p>Na abordagem deste tema, conscientizemo-nos de que j\u00e1 estamos nos \u00faltimos instantes da Igreja de Cristo, neste mundo. Portanto, a...<\/p><a href=\"https:\/\/raizespentecostais.com.br\/index.php\/a-teologia-biblica-pre-tribulacional\/\" class=\"eael-post-elements-readmore-btn\">Leia Mais<\/a><\/div>\n                    <\/div><\/div><\/div>\n        <\/div>\n    <\/article><article class=\"eael-grid-post  eael-post-grid-column eael-pg-post-2681 category-devocional-vida-crista\" data-id=\"2681\">\n        <div class=\"eael-grid-post-holder\">\n            <div class=\"eael-grid-post-holder-inner\"><div class=\"eael-entry-media\"><div class=\"eael-entry-overlay fade-in\"><i class=\"fas fa-external-link-alt\" aria-hidden=\"true\"><\/i><a href=\"https:\/\/raizespentecostais.com.br\/index.php\/aluno-padrao-da-eetad\/\"><\/a><\/div><div class=\"eael-entry-thumbnail \">\n                <img decoding=\"async\" width=\"300\" height=\"169\" src=\"https:\/\/raizespentecostais.com.br\/wp-content\/uploads\/2025\/05\/484474806_18296377024244063_4623600161173843709_n-e1761227706170-300x169.jpg\" class=\"attachment-medium size-medium wp-image-2683\" alt=\"\" srcset=\"https:\/\/raizespentecostais.com.br\/wp-content\/uploads\/2025\/05\/484474806_18296377024244063_4623600161173843709_n-e1761227706170-300x169.jpg 300w, https:\/\/raizespentecostais.com.br\/wp-content\/uploads\/2025\/05\/484474806_18296377024244063_4623600161173843709_n-e1761227706170-1024x576.jpg 1024w, https:\/\/raizespentecostais.com.br\/wp-content\/uploads\/2025\/05\/484474806_18296377024244063_4623600161173843709_n-e1761227706170-768x432.jpg 768w, https:\/\/raizespentecostais.com.br\/wp-content\/uploads\/2025\/05\/484474806_18296377024244063_4623600161173843709_n-e1761227706170.jpg 1440w\" sizes=\"(max-width: 300px) 100vw, 300px\" \/>\n            <\/div>\n        <\/div><div class=\"eael-entry-wrapper\"><header class=\"eael-entry-header\"><h2 class=\"eael-entry-title\"><a class=\"eael-grid-post-link\" href=\"https:\/\/raizespentecostais.com.br\/index.php\/aluno-padrao-da-eetad\/\" title=\"Aluno-padr\u00e3o da EETAD\">Aluno-padr\u00e3o da EETAD<\/a><\/h2><\/header><div class=\"eael-entry-content\">\n                        <div class=\"eael-grid-post-excerpt\"><p>Por Pr. Claudionor de Andrade Conselheiro B\u00edblico da EETAD e Edi\u00e7\u00f5es Bernhard Johnson I. O aluno-padr\u00e3o da EETAD tem de...<\/p><a href=\"https:\/\/raizespentecostais.com.br\/index.php\/aluno-padrao-da-eetad\/\" class=\"eael-post-elements-readmore-btn\">Leia Mais<\/a><\/div>\n                    <\/div><\/div><\/div>\n        <\/div>\n    <\/article><article class=\"eael-grid-post  eael-post-grid-column eael-pg-post-2672 category-apologetica-destaque-espirito-santo\" data-id=\"2672\">\n        <div class=\"eael-grid-post-holder\">\n            <div class=\"eael-grid-post-holder-inner\"><div class=\"eael-entry-media\"><div class=\"eael-entry-overlay fade-in\"><i class=\"fas fa-external-link-alt\" aria-hidden=\"true\"><\/i><a href=\"https:\/\/raizespentecostais.com.br\/index.php\/o-resgate-da-identidade-biblica-doutrinaria-e-historica-da-assembleia-de-deus-no-brasil\/\"><\/a><\/div><div class=\"eael-entry-thumbnail \">\n                <img loading=\"lazy\" decoding=\"async\" width=\"300\" height=\"169\" src=\"https:\/\/raizespentecostais.com.br\/wp-content\/uploads\/2025\/05\/O-resgate-da-identidade-biblica-300x169.png\" class=\"attachment-medium size-medium wp-image-3673\" alt=\"\" srcset=\"https:\/\/raizespentecostais.com.br\/wp-content\/uploads\/2025\/05\/O-resgate-da-identidade-biblica-300x169.png 300w, https:\/\/raizespentecostais.com.br\/wp-content\/uploads\/2025\/05\/O-resgate-da-identidade-biblica-1024x576.png 1024w, https:\/\/raizespentecostais.com.br\/wp-content\/uploads\/2025\/05\/O-resgate-da-identidade-biblica-768x432.png 768w, https:\/\/raizespentecostais.com.br\/wp-content\/uploads\/2025\/05\/O-resgate-da-identidade-biblica.png 1280w\" sizes=\"(max-width: 300px) 100vw, 300px\" \/>\n            <\/div>\n        <\/div><div class=\"eael-entry-wrapper\"><header class=\"eael-entry-header\"><h2 class=\"eael-entry-title\"><a class=\"eael-grid-post-link\" href=\"https:\/\/raizespentecostais.com.br\/index.php\/o-resgate-da-identidade-biblica-doutrinaria-e-historica-da-assembleia-de-deus-no-brasil\/\" title=\"O resgate da identidade b\u00edblica, doutrin\u00e1ria e hist\u00f3rica da Assembleia de Deus no Brasil\">O resgate da identidade b\u00edblica, doutrin\u00e1ria e hist\u00f3rica da Assembleia de Deus no Brasil<\/a><\/h2><\/header><div class=\"eael-entry-content\">\n                        <div class=\"eael-grid-post-excerpt\"><p>Algu\u00e9m disse, j\u00e1 faz algum tempo, que a Assembleia de Deus, em sua idade \u00e1urea, era uma igreja inimit\u00e1vel. Transcorridas...<\/p><a href=\"https:\/\/raizespentecostais.com.br\/index.php\/o-resgate-da-identidade-biblica-doutrinaria-e-historica-da-assembleia-de-deus-no-brasil\/\" class=\"eael-post-elements-readmore-btn\">Leia Mais<\/a><\/div>\n                    <\/div><\/div><\/div>\n        <\/div>\n    <\/article><\/div>\n            <div class=\"clearfix\"><\/div>\n        <\/div>            <div class=\"eael-load-more-button-wrap eael-force-hide\">\n                <button class=\"eael-load-more-button\" id=\"eael-load-more-btn-11e14d7\" data-widget-id=\"11e14d7\" data-widget=\"11e14d7\" data-page-id=\"1376\" data-template=\"{&quot;dir&quot;:&quot;lite&quot;,&quot;file_name&quot;:&quot;one.php&quot;,&quot;name&quot;:&quot;Post-Grid&quot;}\" data-class=\"Essential_Addons_Elementor\\Elements\\Post_Grid\" data-layout=\"masonry\" data-page=\"1\" data-args=\"orderby=date&amp;order=desc&amp;ignore_sticky_posts=1&amp;post_status=publish&amp;posts_per_page=3&amp;offset=0&amp;post_type=post&amp;author__in%5B0%5D=3\" data-max-page=\"3\">\n                    <span class=\"eael-btn-loader button__loader\"><\/span>\n                    <span class=\"eael_load_more_text\">Load More<\/span>\n                <\/button>\n            <\/div>\n            \t\t\t\t<\/div>\n\t\t\t\t<\/div>\n\t\t\t\t\t<\/div>\n\t\t\t\t<\/div>\n\t\t\t\t<\/div>\n\t\t","protected":false},"excerpt":{"rendered":"<p>Pr. Claudionor de Andrade Pastor e escritor Ministro do Santo Evangelho, o irm\u00e3o Claudionor de Andrade \u00e9 Conselheiro B\u00edblico da [&hellip;]<\/p>\n","protected":false},"author":1,"featured_media":0,"parent":0,"menu_order":0,"comment_status":"closed","ping_status":"closed","template":"","meta":{"site-sidebar-layout":"default","site-content-layout":"","ast-site-content-layout":"default","site-content-style":"default","site-sidebar-style":"default","ast-global-header-display":"","ast-banner-title-visibility":"","ast-main-header-display":"","ast-hfb-above-header-display":"","ast-hfb-below-header-display":"","ast-hfb-mobile-header-display":"","site-post-title":"disabled","ast-breadcrumbs-content":"","ast-featured-img":"","footer-sml-layout":"","theme-transparent-header-meta":"","adv-header-id-meta":"","stick-header-meta":"","header-above-stick-meta":"","header-main-stick-meta":"","header-below-stick-meta":"","astra-migrate-meta-layouts":"default","ast-page-background-enabled":"default","ast-page-background-meta":{"desktop":{"background-color":"var(--ast-global-color-5)","background-image":"","background-repeat":"repeat","background-position":"center center","background-size":"auto","background-attachment":"scroll","background-type":"","background-media":"","overlay-type":"","overlay-color":"","overlay-opacity":"","overlay-gradient":""},"tablet":{"background-color":"","background-image":"","background-repeat":"repeat","background-position":"center center","background-size":"auto","background-attachment":"scroll","background-type":"","background-media":"","overlay-type":"","overlay-color":"","overlay-opacity":"","overlay-gradient":""},"mobile":{"background-color":"","background-image":"","background-repeat":"repeat","background-position":"center center","background-size":"auto","background-attachment":"scroll","background-type":"","background-media":"","overlay-type":"","overlay-color":"","overlay-opacity":"","overlay-gradient":""}},"ast-content-background-meta":{"desktop":{"background-color":"var(--ast-global-color-4)","background-image":"","background-repeat":"repeat","background-position":"center center","background-size":"auto","background-attachment":"scroll","background-type":"","background-media":"","overlay-type":"","overlay-color":"","overlay-opacity":"","overlay-gradient":""},"tablet":{"background-color":"var(--ast-global-color-4)","background-image":"","background-repeat":"repeat","background-position":"center center","background-size":"auto","background-attachment":"scroll","background-type":"","background-media":"","overlay-type":"","overlay-color":"","overlay-opacity":"","overlay-gradient":""},"mobile":{"background-color":"var(--ast-global-color-4)","background-image":"","background-repeat":"repeat","background-position":"center center","background-size":"auto","background-attachment":"scroll","background-type":"","background-media":"","overlay-type":"","overlay-color":"","overlay-opacity":"","overlay-gradient":""}},"footnotes":""},"class_list":["post-1376","page","type-page","status-publish","hentry"],"_links":{"self":[{"href":"https:\/\/raizespentecostais.com.br\/index.php\/wp-json\/wp\/v2\/pages\/1376","targetHints":{"allow":["GET"]}}],"collection":[{"href":"https:\/\/raizespentecostais.com.br\/index.php\/wp-json\/wp\/v2\/pages"}],"about":[{"href":"https:\/\/raizespentecostais.com.br\/index.php\/wp-json\/wp\/v2\/types\/page"}],"author":[{"embeddable":true,"href":"https:\/\/raizespentecostais.com.br\/index.php\/wp-json\/wp\/v2\/users\/1"}],"replies":[{"embeddable":true,"href":"https:\/\/raizespentecostais.com.br\/index.php\/wp-json\/wp\/v2\/comments?post=1376"}],"version-history":[{"count":59,"href":"https:\/\/raizespentecostais.com.br\/index.php\/wp-json\/wp\/v2\/pages\/1376\/revisions"}],"predecessor-version":[{"id":3339,"href":"https:\/\/raizespentecostais.com.br\/index.php\/wp-json\/wp\/v2\/pages\/1376\/revisions\/3339"}],"wp:attachment":[{"href":"https:\/\/raizespentecostais.com.br\/index.php\/wp-json\/wp\/v2\/media?parent=1376"}],"curies":[{"name":"wp","href":"https:\/\/api.w.org\/{rel}","templated":true}]}}