{"id":1386,"date":"2024-09-25T18:20:53","date_gmt":"2024-09-25T18:20:53","guid":{"rendered":"http:\/\/raizespentecostais.com.br\/?page_id=1386"},"modified":"2025-11-06T13:34:05","modified_gmt":"2025-11-06T13:34:05","slug":"pr-alex-esteves","status":"publish","type":"page","link":"https:\/\/raizespentecostais.com.br\/index.php\/pr-alex-esteves\/","title":{"rendered":"Pr. Alex Esteves"},"content":{"rendered":"\t\t<div data-elementor-type=\"wp-page\" data-elementor-id=\"1386\" class=\"elementor elementor-1386\">\n\t\t\t\t<div class=\"elementor-element elementor-element-1879583 e-flex e-con-boxed e-con e-parent\" data-id=\"1879583\" data-element_type=\"container\" data-e-type=\"container\" data-settings=\"{&quot;background_background&quot;:&quot;classic&quot;}\">\n\t\t\t\t\t<div class=\"e-con-inner\">\n\t\t\t\t<div class=\"elementor-element elementor-element-df3a8dd elementor-widget__width-inherit elementor-widget elementor-widget-elementskit-team\" data-id=\"df3a8dd\" data-element_type=\"widget\" data-e-type=\"widget\" data-widget_type=\"elementskit-team.default\">\n\t\t\t\t<div class=\"elementor-widget-container\">\n\t\t\t\t\t<div class=\"ekit-wid-con\">\t\t\t\t\t\t\t\t\n\t\t<div class=\"profile-card elementor-animation- text-center ekit-team-style-default\">\n\t\t\t\n\t\t\t\t<div class=\"profile-header ekit-team-img ekit-img-overlay ekit-team-img-block\" >\n\t\t\t\t\t<img decoding=\"async\" width=\"86\" height=\"86\" src=\"https:\/\/raizespentecostais.com.br\/wp-content\/uploads\/2025\/04\/30-mm-Pr.-Alex-Esteves-1.png\" class=\"attachment-thumbnail size-thumbnail wp-image-2367\" alt=\"\" \/>\t\t\t\t<\/div><!-- .profile-header END -->\n\t\t\t\n\n\t\t\t\t<div class=\"profile-body\">\n\t\t\t\t\t\n\t\t\t\t\t<h2 class=\"profile-title\">\n\t\t\t\t\t\t\t\t\t\t\tPr. Alex Esteves\t\t\t\t\t\t\t\t\t\t<\/h2>\n\t\t\t\t\t<p class=\"profile-designation\">Professor <\/p>\n\t\t\t\t\t\t\t\t\t\t<p class=\"profile-content\">Alex Esteves da Rocha Souza \u00e9 evangelista da Assembleia de Deus filiado \u00e0 CEADEB. Bacharel em Direito. Analista de Direito do Minist\u00e9rio P\u00fablico Federal. Mestrando em Teologia Ministerial pela Carolina University (EAD). Relator do Conselho de \u00c9tica da Assembleia de Deus em Salvador, e membro da Comiss\u00e3o de Ensino da mesma Igreja, onde tamb\u00e9m serviu como vice superintendente na sede. Autor do livro O Reino que N\u00e3o Ser\u00e1 Destru\u00eddo: Estudos Elementares no Livro do Profeta Daniel (Edi\u00e7\u00f5es Bernhard Johnson). Professor e colaborador do material did\u00e1tico da EETAD, tendo escrito os subs\u00eddios dos livros Hermen\u00eautica B\u00edblica I, Doutrina da Salva\u00e7\u00e3o, Profetas Menores e Daniel e Apocalipse<\/p>\n\t\t\t\t\t\t\t\t\t<\/div><!-- .profile-body END -->\n\n\t\t\t\t\t\t\t\t\t<div class=\"profile-footer\">\n\t\t\t\t\t\t<ul class=\"ekit-team-social-list\">\n\t\t\t<li class=\"elementor-repeater-item-a206042\">\n\t\t\t<a href=\"https:\/\/facebook.com\" aria-label=\"Facebook\">\n\t\t\t\t<i aria-hidden=\"true\" class=\"icon icon-facebook\"><\/i>\t\t\t<\/a>\n\t\t<\/li>\n\t\t\t<li class=\"elementor-repeater-item-a4a595b\">\n\t\t\t<a href=\"https:\/\/facebook.com\" aria-label=\"Instagram\">\n\t\t\t\t<i aria-hidden=\"true\" class=\"icon icon-instagram-1\"><\/i>\t\t\t<\/a>\n\t\t<\/li>\n\t<\/ul>\n\t\t\t\t\t<\/div>\n\t\t\t\t\t\t\t\t\t<\/div>\n\t\t\t\t\t\t\t\n\t\t\t\n\t\t\t\t<\/div>\t\t\t\t<\/div>\n\t\t\t\t<\/div>\n\t\t\t\t\t<\/div>\n\t\t\t\t<\/div>\n\t\t<div class=\"elementor-element elementor-element-b81d21e e-flex e-con-boxed e-con e-parent\" data-id=\"b81d21e\" data-element_type=\"container\" data-e-type=\"container\">\n\t\t\t\t\t<div class=\"e-con-inner\">\n\t\t\t\t<div class=\"elementor-element elementor-element-11e14d7 elementor-grid-eael-col-3 elementor-grid-tablet-eael-col-3 elementor-widget__width-inherit elementor-grid-mobile-eael-col-1 elementor-widget elementor-widget-eael-post-grid\" data-id=\"11e14d7\" data-element_type=\"widget\" data-e-type=\"widget\" data-settings=\"{&quot;eael_post_grid_columns&quot;:&quot;eael-col-3&quot;,&quot;eael_post_grid_columns_tablet&quot;:&quot;eael-col-3&quot;,&quot;eael_post_grid_columns_mobile&quot;:&quot;eael-col-1&quot;}\" data-widget_type=\"eael-post-grid.default\">\n\t\t\t\t<div class=\"elementor-widget-container\">\n\t\t\t\t\t<div id=\"eael-post-grid-11e14d7\" class=\"eael-post-grid-container\">\n            <div class=\"eael-post-grid eael-post-appender eael-post-appender-11e14d7 eael-post-grid-style-two\" data-layout-mode=\"masonry\"><article class=\"eael-grid-post  eael-post-grid-column eael-pg-post-2772 category-destaque-poesia\" data-id=\"2772\">\n    <div class=\"eael-grid-post-holder\">\n        <div class=\"eael-grid-post-holder-inner\"><div class=\"eael-entry-media\"><div class=\"eael-entry-overlay fade-in\"><i class=\"fas fa-external-link-alt\" aria-hidden=\"true\"><\/i><a href=\"https:\/\/raizespentecostais.com.br\/index.php\/mensageiros-de-deus\/\"><\/a><\/div><div class=\"eael-entry-thumbnail \">\n                            <img fetchpriority=\"high\" decoding=\"async\" width=\"300\" height=\"169\" src=\"https:\/\/raizespentecostais.com.br\/wp-content\/uploads\/2025\/06\/Mensageiros-de-Deus-300x169.png\" class=\"attachment-medium size-medium wp-image-3675\" alt=\"\" srcset=\"https:\/\/raizespentecostais.com.br\/wp-content\/uploads\/2025\/06\/Mensageiros-de-Deus-300x169.png 300w, https:\/\/raizespentecostais.com.br\/wp-content\/uploads\/2025\/06\/Mensageiros-de-Deus-1024x576.png 1024w, https:\/\/raizespentecostais.com.br\/wp-content\/uploads\/2025\/06\/Mensageiros-de-Deus-768x432.png 768w, https:\/\/raizespentecostais.com.br\/wp-content\/uploads\/2025\/06\/Mensageiros-de-Deus.png 1280w\" sizes=\"(max-width: 300px) 100vw, 300px\" \/>\n                            <\/div>\n                    <\/div><div class=\"eael-entry-wrapper\"><header class=\"eael-entry-header\"><h2 class=\"eael-entry-title\"><a class=\"eael-grid-post-link\" href=\"https:\/\/raizespentecostais.com.br\/index.php\/mensageiros-de-deus\/\" title=\"Mensageiros de Deus\">Mensageiros de Deus<\/a><\/h2><\/header><div class=\"eael-entry-content\">\n                                <div class=\"eael-grid-post-excerpt\"><p>Por Pr. Alex Esteves 1 Professor da EETAD e autor das Edi\u00e7\u00f5es Bernhard Johnson Para Claudionor e Marta de Andrade,...<\/p><a href=\"https:\/\/raizespentecostais.com.br\/index.php\/mensageiros-de-deus\/\" class=\"eael-post-elements-readmore-btn\">Leia Mais<\/a><\/div>\n                            <\/div><\/div><\/div>\n    <\/div>\n<\/article><article class=\"eael-grid-post  eael-post-grid-column eael-pg-post-2678 category-biblia-hermeneutica-e-exegese-educacao-hermeneutica\" data-id=\"2678\">\n    <div class=\"eael-grid-post-holder\">\n        <div class=\"eael-grid-post-holder-inner\"><div class=\"eael-entry-media\"><div class=\"eael-entry-overlay fade-in\"><i class=\"fas fa-external-link-alt\" aria-hidden=\"true\"><\/i><a href=\"https:\/\/raizespentecostais.com.br\/index.php\/como-a-eetad-ensina-a-pensar-biblicamente\/\"><\/a><\/div><div class=\"eael-entry-thumbnail \">\n                            <img decoding=\"async\" width=\"300\" height=\"198\" src=\"https:\/\/raizespentecostais.com.br\/wp-content\/uploads\/2025\/05\/bible-biblia-book-1112048-300x198.png\" class=\"attachment-medium size-medium wp-image-2679\" alt=\"\" srcset=\"https:\/\/raizespentecostais.com.br\/wp-content\/uploads\/2025\/05\/bible-biblia-book-1112048-300x198.png 300w, https:\/\/raizespentecostais.com.br\/wp-content\/uploads\/2025\/05\/bible-biblia-book-1112048-1024x677.png 1024w, https:\/\/raizespentecostais.com.br\/wp-content\/uploads\/2025\/05\/bible-biblia-book-1112048-768x508.png 768w, https:\/\/raizespentecostais.com.br\/wp-content\/uploads\/2025\/05\/bible-biblia-book-1112048-1536x1015.png 1536w, https:\/\/raizespentecostais.com.br\/wp-content\/uploads\/2025\/05\/bible-biblia-book-1112048-2048x1354.png 2048w\" sizes=\"(max-width: 300px) 100vw, 300px\" \/>\n                            <\/div>\n                    <\/div><div class=\"eael-entry-wrapper\"><header class=\"eael-entry-header\"><h2 class=\"eael-entry-title\"><a class=\"eael-grid-post-link\" href=\"https:\/\/raizespentecostais.com.br\/index.php\/como-a-eetad-ensina-a-pensar-biblicamente\/\" title=\"Como a EETAD ensina a pensar biblicamente\">Como a EETAD ensina a pensar biblicamente<\/a><\/h2><\/header><div class=\"eael-entry-content\">\n                                <div class=\"eael-grid-post-excerpt\"><p>Por Pr. Alex Esteves Professor da EETAD e autor das Edi\u00e7\u00f5es Bernhard Johnson Neste per\u00edodo de comemora\u00e7\u00e3o por seus 45...<\/p><a href=\"https:\/\/raizespentecostais.com.br\/index.php\/como-a-eetad-ensina-a-pensar-biblicamente\/\" class=\"eael-post-elements-readmore-btn\">Leia Mais<\/a><\/div>\n                            <\/div><\/div><\/div>\n    <\/div>\n<\/article><article class=\"eael-grid-post  eael-post-grid-column eael-pg-post-2451 category-destaque-historia\" data-id=\"2451\">\n    <div class=\"eael-grid-post-holder\">\n        <div class=\"eael-grid-post-holder-inner\"><div class=\"eael-entry-media\"><div class=\"eael-entry-overlay fade-in\"><i class=\"fas fa-external-link-alt\" aria-hidden=\"true\"><\/i><a href=\"https:\/\/raizespentecostais.com.br\/index.php\/o-poder-da-palavra-de-deus\/\"><\/a><\/div><div class=\"eael-entry-thumbnail \">\n                            <img loading=\"lazy\" decoding=\"async\" width=\"300\" height=\"200\" src=\"https:\/\/raizespentecostais.com.br\/wp-content\/uploads\/2025\/04\/biblia-antiga-luz-gerar-ai-300x200.jpeg\" class=\"attachment-medium size-medium wp-image-2474\" alt=\"\" srcset=\"https:\/\/raizespentecostais.com.br\/wp-content\/uploads\/2025\/04\/biblia-antiga-luz-gerar-ai-300x200.jpeg 300w, https:\/\/raizespentecostais.com.br\/wp-content\/uploads\/2025\/04\/biblia-antiga-luz-gerar-ai-1024x683.jpeg 1024w, https:\/\/raizespentecostais.com.br\/wp-content\/uploads\/2025\/04\/biblia-antiga-luz-gerar-ai-768x512.jpeg 768w, https:\/\/raizespentecostais.com.br\/wp-content\/uploads\/2025\/04\/biblia-antiga-luz-gerar-ai-1536x1024.jpeg 1536w, https:\/\/raizespentecostais.com.br\/wp-content\/uploads\/2025\/04\/biblia-antiga-luz-gerar-ai-2048x1365.jpeg 2048w\" sizes=\"(max-width: 300px) 100vw, 300px\" \/>\n                            <\/div>\n                    <\/div><div class=\"eael-entry-wrapper\"><header class=\"eael-entry-header\"><h2 class=\"eael-entry-title\"><a class=\"eael-grid-post-link\" href=\"https:\/\/raizespentecostais.com.br\/index.php\/o-poder-da-palavra-de-deus\/\" title=\"P poder da Palavra de Deus\">P poder da Palavra de Deus<\/a><\/h2><\/header><div class=\"eael-entry-content\">\n                                <div class=\"eael-grid-post-excerpt\"><p>Reda\u00e7\u00e3o O minist\u00e9rio do Pr. Bernhard Johnson tinha como princ\u00edpio fundamental a ora\u00e7\u00e3o; ele orava o tempo todo, como orienta...<\/p><a href=\"https:\/\/raizespentecostais.com.br\/index.php\/o-poder-da-palavra-de-deus\/\" class=\"eael-post-elements-readmore-btn\">Leia Mais<\/a><\/div>\n                            <\/div><\/div><\/div>\n    <\/div>\n<\/article><article class=\"eael-grid-post  eael-post-grid-column eael-pg-post-2340 category-destaque-categorias-hermeneutica\" data-id=\"2340\">\n    <div class=\"eael-grid-post-holder\">\n        <div class=\"eael-grid-post-holder-inner\"><div class=\"eael-entry-media\"><div class=\"eael-entry-overlay fade-in\"><i class=\"fas fa-external-link-alt\" aria-hidden=\"true\"><\/i><a href=\"https:\/\/raizespentecostais.com.br\/index.php\/o-salmo-da-palavra\/\"><\/a><\/div><div class=\"eael-entry-thumbnail \">\n                            <img loading=\"lazy\" decoding=\"async\" width=\"300\" height=\"200\" src=\"https:\/\/raizespentecostais.com.br\/wp-content\/uploads\/2025\/04\/pergaminhos-antigos-mapa-envelhecido-rasgado-gerar-ai-300x200.jpeg\" class=\"attachment-medium size-medium wp-image-2358\" alt=\"\" srcset=\"https:\/\/raizespentecostais.com.br\/wp-content\/uploads\/2025\/04\/pergaminhos-antigos-mapa-envelhecido-rasgado-gerar-ai-300x200.jpeg 300w, https:\/\/raizespentecostais.com.br\/wp-content\/uploads\/2025\/04\/pergaminhos-antigos-mapa-envelhecido-rasgado-gerar-ai-1024x683.jpeg 1024w, https:\/\/raizespentecostais.com.br\/wp-content\/uploads\/2025\/04\/pergaminhos-antigos-mapa-envelhecido-rasgado-gerar-ai-768x512.jpeg 768w, https:\/\/raizespentecostais.com.br\/wp-content\/uploads\/2025\/04\/pergaminhos-antigos-mapa-envelhecido-rasgado-gerar-ai-1536x1024.jpeg 1536w, https:\/\/raizespentecostais.com.br\/wp-content\/uploads\/2025\/04\/pergaminhos-antigos-mapa-envelhecido-rasgado-gerar-ai-2048x1365.jpeg 2048w\" sizes=\"(max-width: 300px) 100vw, 300px\" \/>\n                            <\/div>\n                    <\/div><div class=\"eael-entry-wrapper\"><header class=\"eael-entry-header\"><h2 class=\"eael-entry-title\"><a class=\"eael-grid-post-link\" href=\"https:\/\/raizespentecostais.com.br\/index.php\/o-salmo-da-palavra\/\" title=\"O Salmo da Palavra\">O Salmo da Palavra<\/a><\/h2><\/header><div class=\"eael-entry-content\">\n                                <div class=\"eael-grid-post-excerpt\"><p>Por Pr. Alex Esteves Professor da EETAD e autor das Edi\u00e7\u00f5es Bernhard Johnson Soberana e altissonantemente, a Palavra de Deus...<\/p><a href=\"https:\/\/raizespentecostais.com.br\/index.php\/o-salmo-da-palavra\/\" class=\"eael-post-elements-readmore-btn\">Leia Mais<\/a><\/div>\n                            <\/div><\/div><\/div>\n    <\/div>\n<\/article><\/div>\n            <div class=\"clearfix\"><\/div>\n        <\/div>\t\t\t\t<\/div>\n\t\t\t\t<\/div>\n\t\t\t\t\t<\/div>\n\t\t\t\t<\/div>\n\t\t\t\t<\/div>\n\t\t","protected":false},"excerpt":{"rendered":"<p>Pr. Alex Esteves Professor Alex Esteves da Rocha Souza \u00e9 evangelista da Assembleia de Deus filiado \u00e0 CEADEB. Bacharel em [&hellip;]<\/p>\n","protected":false},"author":1,"featured_media":0,"parent":0,"menu_order":0,"comment_status":"closed","ping_status":"closed","template":"","meta":{"site-sidebar-layout":"default","site-content-layout":"","ast-site-content-layout":"default","site-content-style":"default","site-sidebar-style":"default","ast-global-header-display":"","ast-banner-title-visibility":"","ast-main-header-display":"","ast-hfb-above-header-display":"","ast-hfb-below-header-display":"","ast-hfb-mobile-header-display":"","site-post-title":"disabled","ast-breadcrumbs-content":"","ast-featured-img":"","footer-sml-layout":"","theme-transparent-header-meta":"","adv-header-id-meta":"","stick-header-meta":"","header-above-stick-meta":"","header-main-stick-meta":"","header-below-stick-meta":"","astra-migrate-meta-layouts":"default","ast-page-background-enabled":"default","ast-page-background-meta":{"desktop":{"background-color":"var(--ast-global-color-5)","background-image":"","background-repeat":"repeat","background-position":"center center","background-size":"auto","background-attachment":"scroll","background-type":"","background-media":"","overlay-type":"","overlay-color":"","overlay-opacity":"","overlay-gradient":""},"tablet":{"background-color":"","background-image":"","background-repeat":"repeat","background-position":"center center","background-size":"auto","background-attachment":"scroll","background-type":"","background-media":"","overlay-type":"","overlay-color":"","overlay-opacity":"","overlay-gradient":""},"mobile":{"background-color":"","background-image":"","background-repeat":"repeat","background-position":"center center","background-size":"auto","background-attachment":"scroll","background-type":"","background-media":"","overlay-type":"","overlay-color":"","overlay-opacity":"","overlay-gradient":""}},"ast-content-background-meta":{"desktop":{"background-color":"var(--ast-global-color-4)","background-image":"","background-repeat":"repeat","background-position":"center center","background-size":"auto","background-attachment":"scroll","background-type":"","background-media":"","overlay-type":"","overlay-color":"","overlay-opacity":"","overlay-gradient":""},"tablet":{"background-color":"var(--ast-global-color-4)","background-image":"","background-repeat":"repeat","background-position":"center center","background-size":"auto","background-attachment":"scroll","background-type":"","background-media":"","overlay-type":"","overlay-color":"","overlay-opacity":"","overlay-gradient":""},"mobile":{"background-color":"var(--ast-global-color-4)","background-image":"","background-repeat":"repeat","background-position":"center center","background-size":"auto","background-attachment":"scroll","background-type":"","background-media":"","overlay-type":"","overlay-color":"","overlay-opacity":"","overlay-gradient":""}},"footnotes":""},"class_list":["post-1386","page","type-page","status-publish","hentry"],"_links":{"self":[{"href":"https:\/\/raizespentecostais.com.br\/index.php\/wp-json\/wp\/v2\/pages\/1386","targetHints":{"allow":["GET"]}}],"collection":[{"href":"https:\/\/raizespentecostais.com.br\/index.php\/wp-json\/wp\/v2\/pages"}],"about":[{"href":"https:\/\/raizespentecostais.com.br\/index.php\/wp-json\/wp\/v2\/types\/page"}],"author":[{"embeddable":true,"href":"https:\/\/raizespentecostais.com.br\/index.php\/wp-json\/wp\/v2\/users\/1"}],"replies":[{"embeddable":true,"href":"https:\/\/raizespentecostais.com.br\/index.php\/wp-json\/wp\/v2\/comments?post=1386"}],"version-history":[{"count":71,"href":"https:\/\/raizespentecostais.com.br\/index.php\/wp-json\/wp\/v2\/pages\/1386\/revisions"}],"predecessor-version":[{"id":3861,"href":"https:\/\/raizespentecostais.com.br\/index.php\/wp-json\/wp\/v2\/pages\/1386\/revisions\/3861"}],"wp:attachment":[{"href":"https:\/\/raizespentecostais.com.br\/index.php\/wp-json\/wp\/v2\/media?parent=1386"}],"curies":[{"name":"wp","href":"https:\/\/api.w.org\/{rel}","templated":true}]}}