{"id":1414,"date":"2024-09-25T19:19:54","date_gmt":"2024-09-25T19:19:54","guid":{"rendered":"http:\/\/raizespentecostais.com.br\/?page_id=1414"},"modified":"2025-10-22T17:41:31","modified_gmt":"2025-10-22T17:41:31","slug":"devocional","status":"publish","type":"page","link":"https:\/\/raizespentecostais.com.br\/index.php\/devocional\/","title":{"rendered":"Devocional"},"content":{"rendered":"\t\t<div data-elementor-type=\"wp-page\" data-elementor-id=\"1414\" class=\"elementor elementor-1414\">\n\t\t\t\t<div class=\"elementor-element elementor-element-3050136 e-flex e-con-boxed e-con e-parent\" data-id=\"3050136\" data-element_type=\"container\" data-e-type=\"container\" data-settings=\"{&quot;background_background&quot;:&quot;classic&quot;}\">\n\t\t\t\t\t<div class=\"e-con-inner\">\n\t\t\t\t<div class=\"elementor-element elementor-element-982e296 elementor-widget elementor-widget-page-title\" data-id=\"982e296\" data-element_type=\"widget\" data-e-type=\"widget\" data-settings=\"{&quot;align&quot;:&quot;center&quot;}\" data-widget_type=\"page-title.default\">\n\t\t\t\t<div class=\"elementor-widget-container\">\n\t\t\t\t\t\t\t\n\t\t<div class=\"hfe-page-title hfe-page-title-wrapper elementor-widget-heading\">\n\n\t\t\t\t\t\t\t\t<h2 class=\"elementor-heading-title elementor-size-default\">\n\t\t\t\t\t\t\t\t\n\t\t\t\t\t\t\t\t\tCategoria:\t\t\t\t\tDevocional  \n\t\t\t<\/h2 > \n\t\t\t\t\t<\/div>\n\t\t\t\t\t\t<\/div>\n\t\t\t\t<\/div>\n\t\t\t\t<div class=\"elementor-element elementor-element-a7d5d50 elementor-widget-divider--view-line_icon elementor-view-default elementor-widget-divider--element-align-center elementor-widget elementor-widget-divider\" data-id=\"a7d5d50\" data-element_type=\"widget\" data-e-type=\"widget\" data-widget_type=\"divider.default\">\n\t\t\t\t<div class=\"elementor-widget-container\">\n\t\t\t\t\t\t\t<div class=\"elementor-divider\">\n\t\t\t<span class=\"elementor-divider-separator\">\n\t\t\t\t\t\t\t<div class=\"elementor-icon elementor-divider__element\">\n\t\t\t\t\t<i aria-hidden=\"true\" class=\"icon icon-folder\"><\/i><\/div>\n\t\t\t\t\t\t<\/span>\n\t\t<\/div>\n\t\t\t\t\t\t<\/div>\n\t\t\t\t<\/div>\n\t\t\t\t\t<\/div>\n\t\t\t\t<\/div>\n\t\t<div class=\"elementor-element elementor-element-b81d21e e-flex e-con-boxed e-con e-parent\" data-id=\"b81d21e\" data-element_type=\"container\" data-e-type=\"container\">\n\t\t\t\t\t<div class=\"e-con-inner\">\n\t\t\t\t<div class=\"elementor-element elementor-element-11e14d7 elementor-grid-eael-col-3 elementor-grid-tablet-eael-col-3 elementor-grid-mobile-eael-col-1 elementor-widget elementor-widget-eael-post-grid\" data-id=\"11e14d7\" data-element_type=\"widget\" data-e-type=\"widget\" data-settings=\"{&quot;eael_post_grid_columns&quot;:&quot;eael-col-3&quot;,&quot;eael_post_grid_columns_tablet&quot;:&quot;eael-col-3&quot;,&quot;eael_post_grid_columns_mobile&quot;:&quot;eael-col-1&quot;}\" data-widget_type=\"eael-post-grid.default\">\n\t\t\t\t<div class=\"elementor-widget-container\">\n\t\t\t\t\t<div id=\"eael-post-grid-11e14d7\" class=\"eael-post-grid-container\">\n            <div class=\"eael-post-grid eael-post-appender eael-post-appender-11e14d7 eael-post-grid-style-one\" data-layout-mode=\"masonry\"><article class=\"eael-grid-post  eael-post-grid-column eael-pg-post-2758 category-apologetica-devocional\" data-id=\"2758\">\n        <div class=\"eael-grid-post-holder\">\n            <div class=\"eael-grid-post-holder-inner\"><div class=\"eael-entry-media\"><div class=\"eael-entry-overlay fade-in\"><i class=\"fas fa-external-link-alt\" aria-hidden=\"true\"><\/i><a href=\"https:\/\/raizespentecostais.com.br\/index.php\/a-harpa-crista-na-defesa-da-sa-doutrina\/\"><\/a><\/div><div class=\"eael-entry-thumbnail \">\n                <img fetchpriority=\"high\" decoding=\"async\" width=\"300\" height=\"169\" src=\"https:\/\/raizespentecostais.com.br\/wp-content\/uploads\/2025\/05\/Harpa-Crista-300x169.png\" class=\"attachment-medium size-medium wp-image-3676\" alt=\"\" srcset=\"https:\/\/raizespentecostais.com.br\/wp-content\/uploads\/2025\/05\/Harpa-Crista-300x169.png 300w, https:\/\/raizespentecostais.com.br\/wp-content\/uploads\/2025\/05\/Harpa-Crista-1024x576.png 1024w, https:\/\/raizespentecostais.com.br\/wp-content\/uploads\/2025\/05\/Harpa-Crista-768x432.png 768w, https:\/\/raizespentecostais.com.br\/wp-content\/uploads\/2025\/05\/Harpa-Crista.png 1280w\" sizes=\"(max-width: 300px) 100vw, 300px\" \/>\n            <\/div>\n        <\/div><div class=\"eael-entry-wrapper\"><header class=\"eael-entry-header\"><h2 class=\"eael-entry-title\"><a class=\"eael-grid-post-link\" href=\"https:\/\/raizespentecostais.com.br\/index.php\/a-harpa-crista-na-defesa-da-sa-doutrina\/\" title=\"A harpa crist\u00e3 na defesa da s\u00e3 doutrina\">A harpa crist\u00e3 na defesa da s\u00e3 doutrina<\/a><\/h2><\/header><div class=\"eael-entry-content\">\n                        <div class=\"eael-grid-post-excerpt\"><p>Por Prof\u00aa Marta Doreto de Andrade 1 Professora da EETAD, autora da Edi\u00e7\u00f5es Bernhard Johnson \u201cHaja o que houver, continuaremos...<\/p><a href=\"https:\/\/raizespentecostais.com.br\/index.php\/a-harpa-crista-na-defesa-da-sa-doutrina\/\" class=\"eael-post-elements-readmore-btn\">Leia Mais<\/a><\/div>\n                    <\/div><\/div><\/div>\n        <\/div>\n    <\/article><article class=\"eael-grid-post  eael-post-grid-column eael-pg-post-2735 category-devocional-escatologia-categorias-vida-crista\" data-id=\"2735\">\n        <div class=\"eael-grid-post-holder\">\n            <div class=\"eael-grid-post-holder-inner\"><div class=\"eael-entry-media\"><div class=\"eael-entry-overlay fade-in\"><i class=\"fas fa-external-link-alt\" aria-hidden=\"true\"><\/i><a href=\"https:\/\/raizespentecostais.com.br\/index.php\/a-harpa-crista-canta-a-doutrina-da-volta-de-jesus\/\"><\/a><\/div><div class=\"eael-entry-thumbnail \">\n                <img decoding=\"async\" width=\"300\" height=\"205\" src=\"https:\/\/raizespentecostais.com.br\/wp-content\/uploads\/2025\/05\/AdobeStock_788981991-300x205.jpeg\" class=\"attachment-medium size-medium wp-image-2737\" alt=\"\" srcset=\"https:\/\/raizespentecostais.com.br\/wp-content\/uploads\/2025\/05\/AdobeStock_788981991-300x205.jpeg 300w, https:\/\/raizespentecostais.com.br\/wp-content\/uploads\/2025\/05\/AdobeStock_788981991-1024x701.jpeg 1024w, https:\/\/raizespentecostais.com.br\/wp-content\/uploads\/2025\/05\/AdobeStock_788981991-768x526.jpeg 768w, https:\/\/raizespentecostais.com.br\/wp-content\/uploads\/2025\/05\/AdobeStock_788981991-1536x1051.jpeg 1536w, https:\/\/raizespentecostais.com.br\/wp-content\/uploads\/2025\/05\/AdobeStock_788981991-2048x1401.jpeg 2048w\" sizes=\"(max-width: 300px) 100vw, 300px\" \/>\n            <\/div>\n        <\/div><div class=\"eael-entry-wrapper\"><header class=\"eael-entry-header\"><h2 class=\"eael-entry-title\"><a class=\"eael-grid-post-link\" href=\"https:\/\/raizespentecostais.com.br\/index.php\/a-harpa-crista-canta-a-doutrina-da-volta-de-jesus\/\" title=\"A harpa crist\u00e3 canta a doutrina da volta de Jesus\">A harpa crist\u00e3 canta a doutrina da volta de Jesus<\/a><\/h2><\/header><div class=\"eael-entry-content\">\n                        <div class=\"eael-grid-post-excerpt\"><p>Por Prof\u00aa Marta Doreto de Andrade Professora da EETAD, autora da Edi\u00e7\u00f5es Bernhard Johnson Em uma de suas eloquentes prega\u00e7\u00f5es,...<\/p><a href=\"https:\/\/raizespentecostais.com.br\/index.php\/a-harpa-crista-canta-a-doutrina-da-volta-de-jesus\/\" class=\"eael-post-elements-readmore-btn\">Leia Mais<\/a><\/div>\n                    <\/div><\/div><\/div>\n        <\/div>\n    <\/article><article class=\"eael-grid-post  eael-post-grid-column eael-pg-post-2723 category-devocional-historia\" data-id=\"2723\">\n        <div class=\"eael-grid-post-holder\">\n            <div class=\"eael-grid-post-holder-inner\"><div class=\"eael-entry-media\"><div class=\"eael-entry-overlay fade-in\"><i class=\"fas fa-external-link-alt\" aria-hidden=\"true\"><\/i><a href=\"https:\/\/raizespentecostais.com.br\/index.php\/uma-geracao-ensinara-a-outra-as-tuas-obras\/\"><\/a><\/div><div class=\"eael-entry-thumbnail \">\n                <img decoding=\"async\" width=\"300\" height=\"195\" src=\"https:\/\/raizespentecostais.com.br\/wp-content\/uploads\/2025\/05\/Captura-de-Tela-2025-05-06-as-11.46.01-300x195.png\" class=\"attachment-medium size-medium wp-image-2724\" alt=\"\" srcset=\"https:\/\/raizespentecostais.com.br\/wp-content\/uploads\/2025\/05\/Captura-de-Tela-2025-05-06-as-11.46.01-300x195.png 300w, https:\/\/raizespentecostais.com.br\/wp-content\/uploads\/2025\/05\/Captura-de-Tela-2025-05-06-as-11.46.01-1024x664.png 1024w, https:\/\/raizespentecostais.com.br\/wp-content\/uploads\/2025\/05\/Captura-de-Tela-2025-05-06-as-11.46.01-768x498.png 768w, https:\/\/raizespentecostais.com.br\/wp-content\/uploads\/2025\/05\/Captura-de-Tela-2025-05-06-as-11.46.01.png 1238w\" sizes=\"(max-width: 300px) 100vw, 300px\" \/>\n            <\/div>\n        <\/div><div class=\"eael-entry-wrapper\"><header class=\"eael-entry-header\"><h2 class=\"eael-entry-title\"><a class=\"eael-grid-post-link\" href=\"https:\/\/raizespentecostais.com.br\/index.php\/uma-geracao-ensinara-a-outra-as-tuas-obras\/\" title=\"Uma gera\u00e7\u00e3o ensinar\u00e1 a outra as tuas obras\">Uma gera\u00e7\u00e3o ensinar\u00e1 a outra as tuas obras<\/a><\/h2><\/header><div class=\"eael-entry-content\">\n                        <div class=\"eael-grid-post-excerpt\"><p>Pr. Gunar Berg 1Superintendente da EETAD e Edi\u00e7\u00f5es Bernhard Johnson Houve um tempo em que todos os que trabalhavam neste...<\/p><a href=\"https:\/\/raizespentecostais.com.br\/index.php\/uma-geracao-ensinara-a-outra-as-tuas-obras\/\" class=\"eael-post-elements-readmore-btn\">Leia Mais<\/a><\/div>\n                    <\/div><\/div><\/div>\n        <\/div>\n    <\/article><\/div>\n            <div class=\"clearfix\"><\/div>\n        <\/div>            <div class=\"eael-load-more-button-wrap eael-force-hide\">\n                <button class=\"eael-load-more-button\" id=\"eael-load-more-btn-11e14d7\" data-widget-id=\"11e14d7\" data-widget=\"11e14d7\" data-page-id=\"1414\" data-template=\"{&quot;dir&quot;:&quot;lite&quot;,&quot;file_name&quot;:&quot;one.php&quot;,&quot;name&quot;:&quot;Post-Grid&quot;}\" data-class=\"Essential_Addons_Elementor\\Elements\\Post_Grid\" data-layout=\"masonry\" data-page=\"1\" data-args=\"orderby=date&amp;order=desc&amp;ignore_sticky_posts=1&amp;post_status=publish&amp;posts_per_page=3&amp;offset=0&amp;post_type=post&amp;tax_query%5B0%5D%5Btaxonomy%5D=category&amp;tax_query%5B0%5D%5Bfield%5D=term_id&amp;tax_query%5B0%5D%5Bterms%5D%5B0%5D=10&amp;tax_query%5Brelation%5D=AND\" data-max-page=\"2\">\n                    <span class=\"eael-btn-loader button__loader\"><\/span>\n                    <span class=\"eael_load_more_text\">Load More<\/span>\n                <\/button>\n            <\/div>\n            \t\t\t\t<\/div>\n\t\t\t\t<\/div>\n\t\t\t\t\t<\/div>\n\t\t\t\t<\/div>\n\t\t\t\t<\/div>\n\t\t","protected":false},"excerpt":{"rendered":"<p>Categoria: Devocional A harpa crist\u00e3 na defesa da s\u00e3 doutrina Por Prof\u00aa Marta Doreto de Andrade Professora da EETAD, autora [&hellip;]<\/p>\n","protected":false},"author":1,"featured_media":0,"parent":0,"menu_order":0,"comment_status":"closed","ping_status":"closed","template":"","meta":{"site-sidebar-layout":"default","site-content-layout":"","ast-site-content-layout":"default","site-content-style":"default","site-sidebar-style":"default","ast-global-header-display":"","ast-banner-title-visibility":"","ast-main-header-display":"","ast-hfb-above-header-display":"","ast-hfb-below-header-display":"","ast-hfb-mobile-header-display":"","site-post-title":"disabled","ast-breadcrumbs-content":"","ast-featured-img":"","footer-sml-layout":"","theme-transparent-header-meta":"","adv-header-id-meta":"","stick-header-meta":"","header-above-stick-meta":"","header-main-stick-meta":"","header-below-stick-meta":"","astra-migrate-meta-layouts":"default","ast-page-background-enabled":"default","ast-page-background-meta":{"desktop":{"background-color":"var(--ast-global-color-5)","background-image":"","background-repeat":"repeat","background-position":"center center","background-size":"auto","background-attachment":"scroll","background-type":"","background-media":"","overlay-type":"","overlay-color":"","overlay-opacity":"","overlay-gradient":""},"tablet":{"background-color":"","background-image":"","background-repeat":"repeat","background-position":"center center","background-size":"auto","background-attachment":"scroll","background-type":"","background-media":"","overlay-type":"","overlay-color":"","overlay-opacity":"","overlay-gradient":""},"mobile":{"background-color":"","background-image":"","background-repeat":"repeat","background-position":"center center","background-size":"auto","background-attachment":"scroll","background-type":"","background-media":"","overlay-type":"","overlay-color":"","overlay-opacity":"","overlay-gradient":""}},"ast-content-background-meta":{"desktop":{"background-color":"var(--ast-global-color-4)","background-image":"","background-repeat":"repeat","background-position":"center center","background-size":"auto","background-attachment":"scroll","background-type":"","background-media":"","overlay-type":"","overlay-color":"","overlay-opacity":"","overlay-gradient":""},"tablet":{"background-color":"var(--ast-global-color-4)","background-image":"","background-repeat":"repeat","background-position":"center center","background-size":"auto","background-attachment":"scroll","background-type":"","background-media":"","overlay-type":"","overlay-color":"","overlay-opacity":"","overlay-gradient":""},"mobile":{"background-color":"var(--ast-global-color-4)","background-image":"","background-repeat":"repeat","background-position":"center center","background-size":"auto","background-attachment":"scroll","background-type":"","background-media":"","overlay-type":"","overlay-color":"","overlay-opacity":"","overlay-gradient":""}},"footnotes":""},"class_list":["post-1414","page","type-page","status-publish","hentry"],"_links":{"self":[{"href":"https:\/\/raizespentecostais.com.br\/index.php\/wp-json\/wp\/v2\/pages\/1414","targetHints":{"allow":["GET"]}}],"collection":[{"href":"https:\/\/raizespentecostais.com.br\/index.php\/wp-json\/wp\/v2\/pages"}],"about":[{"href":"https:\/\/raizespentecostais.com.br\/index.php\/wp-json\/wp\/v2\/types\/page"}],"author":[{"embeddable":true,"href":"https:\/\/raizespentecostais.com.br\/index.php\/wp-json\/wp\/v2\/users\/1"}],"replies":[{"embeddable":true,"href":"https:\/\/raizespentecostais.com.br\/index.php\/wp-json\/wp\/v2\/comments?post=1414"}],"version-history":[{"count":11,"href":"https:\/\/raizespentecostais.com.br\/index.php\/wp-json\/wp\/v2\/pages\/1414\/revisions"}],"predecessor-version":[{"id":3454,"href":"https:\/\/raizespentecostais.com.br\/index.php\/wp-json\/wp\/v2\/pages\/1414\/revisions\/3454"}],"wp:attachment":[{"href":"https:\/\/raizespentecostais.com.br\/index.php\/wp-json\/wp\/v2\/media?parent=1414"}],"curies":[{"name":"wp","href":"https:\/\/api.w.org\/{rel}","templated":true}]}}