{"id":1419,"date":"2024-09-25T19:20:53","date_gmt":"2024-09-25T19:20:53","guid":{"rendered":"http:\/\/raizespentecostais.com.br\/?page_id=1419"},"modified":"2025-10-22T17:29:47","modified_gmt":"2025-10-22T17:29:47","slug":"espirito-santo","status":"publish","type":"page","link":"https:\/\/raizespentecostais.com.br\/index.php\/espirito-santo\/","title":{"rendered":"Esp\u00edrito Santo"},"content":{"rendered":"\t\t<div data-elementor-type=\"wp-page\" data-elementor-id=\"1419\" class=\"elementor elementor-1419\">\n\t\t\t\t<div class=\"elementor-element elementor-element-dac88a3 e-flex e-con-boxed e-con e-parent\" data-id=\"dac88a3\" data-element_type=\"container\" data-e-type=\"container\" data-settings=\"{&quot;background_background&quot;:&quot;classic&quot;}\">\n\t\t\t\t\t<div class=\"e-con-inner\">\n\t\t\t\t<div class=\"elementor-element elementor-element-54ca34d elementor-widget elementor-widget-page-title\" data-id=\"54ca34d\" data-element_type=\"widget\" data-e-type=\"widget\" data-settings=\"{&quot;align&quot;:&quot;center&quot;}\" data-widget_type=\"page-title.default\">\n\t\t\t\t<div class=\"elementor-widget-container\">\n\t\t\t\t\t\t\t\n\t\t<div class=\"hfe-page-title hfe-page-title-wrapper elementor-widget-heading\">\n\n\t\t\t\t\t\t\t\t<h2 class=\"elementor-heading-title elementor-size-default\">\n\t\t\t\t\t\t\t\t\n\t\t\t\t\t\t\t\t\tCategoria:\t\t\t\t\tEsp\u00edrito Santo  \n\t\t\t<\/h2 > \n\t\t\t\t\t<\/div>\n\t\t\t\t\t\t<\/div>\n\t\t\t\t<\/div>\n\t\t\t\t<div class=\"elementor-element elementor-element-91b43d7 elementor-widget-divider--view-line_icon elementor-view-default elementor-widget-divider--element-align-center elementor-widget elementor-widget-divider\" data-id=\"91b43d7\" data-element_type=\"widget\" data-e-type=\"widget\" data-widget_type=\"divider.default\">\n\t\t\t\t<div class=\"elementor-widget-container\">\n\t\t\t\t\t\t\t<div class=\"elementor-divider\">\n\t\t\t<span class=\"elementor-divider-separator\">\n\t\t\t\t\t\t\t<div class=\"elementor-icon elementor-divider__element\">\n\t\t\t\t\t<i aria-hidden=\"true\" class=\"icon icon-folder\"><\/i><\/div>\n\t\t\t\t\t\t<\/span>\n\t\t<\/div>\n\t\t\t\t\t\t<\/div>\n\t\t\t\t<\/div>\n\t\t\t\t\t<\/div>\n\t\t\t\t<\/div>\n\t\t<div class=\"elementor-element elementor-element-b81d21e e-flex e-con-boxed e-con e-parent\" data-id=\"b81d21e\" data-element_type=\"container\" data-e-type=\"container\">\n\t\t\t\t\t<div class=\"e-con-inner\">\n\t\t\t\t<div class=\"elementor-element elementor-element-11e14d7 elementor-grid-eael-col-3 elementor-grid-tablet-eael-col-3 elementor-grid-mobile-eael-col-1 elementor-widget elementor-widget-eael-post-grid\" data-id=\"11e14d7\" data-element_type=\"widget\" data-e-type=\"widget\" data-settings=\"{&quot;eael_post_grid_columns&quot;:&quot;eael-col-3&quot;,&quot;eael_post_grid_columns_tablet&quot;:&quot;eael-col-3&quot;,&quot;eael_post_grid_columns_mobile&quot;:&quot;eael-col-1&quot;}\" data-widget_type=\"eael-post-grid.default\">\n\t\t\t\t<div class=\"elementor-widget-container\">\n\t\t\t\t\t<div id=\"eael-post-grid-11e14d7\" class=\"eael-post-grid-container\">\n            <div class=\"eael-post-grid eael-post-appender eael-post-appender-11e14d7 eael-post-grid-style-one\" data-layout-mode=\"masonry\"><article class=\"eael-grid-post  eael-post-grid-column eael-pg-post-2672 category-apologetica-destaque-espirito-santo\" data-id=\"2672\">\n        <div class=\"eael-grid-post-holder\">\n            <div class=\"eael-grid-post-holder-inner\"><div class=\"eael-entry-media\"><div class=\"eael-entry-overlay fade-in\"><i class=\"fas fa-external-link-alt\" aria-hidden=\"true\"><\/i><a href=\"https:\/\/raizespentecostais.com.br\/index.php\/o-resgate-da-identidade-biblica-doutrinaria-e-historica-da-assembleia-de-deus-no-brasil\/\"><\/a><\/div><div class=\"eael-entry-thumbnail \">\n                <img fetchpriority=\"high\" decoding=\"async\" width=\"300\" height=\"169\" src=\"https:\/\/raizespentecostais.com.br\/wp-content\/uploads\/2025\/05\/O-resgate-da-identidade-biblica-300x169.png\" class=\"attachment-medium size-medium wp-image-3673\" alt=\"\" srcset=\"https:\/\/raizespentecostais.com.br\/wp-content\/uploads\/2025\/05\/O-resgate-da-identidade-biblica-300x169.png 300w, https:\/\/raizespentecostais.com.br\/wp-content\/uploads\/2025\/05\/O-resgate-da-identidade-biblica-1024x576.png 1024w, https:\/\/raizespentecostais.com.br\/wp-content\/uploads\/2025\/05\/O-resgate-da-identidade-biblica-768x432.png 768w, https:\/\/raizespentecostais.com.br\/wp-content\/uploads\/2025\/05\/O-resgate-da-identidade-biblica.png 1280w\" sizes=\"(max-width: 300px) 100vw, 300px\" \/>\n            <\/div>\n        <\/div><div class=\"eael-entry-wrapper\"><header class=\"eael-entry-header\"><h2 class=\"eael-entry-title\"><a class=\"eael-grid-post-link\" href=\"https:\/\/raizespentecostais.com.br\/index.php\/o-resgate-da-identidade-biblica-doutrinaria-e-historica-da-assembleia-de-deus-no-brasil\/\" title=\"O resgate da identidade b\u00edblica, doutrin\u00e1ria e hist\u00f3rica da Assembleia de Deus no Brasil\">O resgate da identidade b\u00edblica, doutrin\u00e1ria e hist\u00f3rica da Assembleia de Deus no Brasil<\/a><\/h2><\/header><div class=\"eael-entry-content\">\n                        <div class=\"eael-grid-post-excerpt\"><p>Algu\u00e9m disse, j\u00e1 faz algum tempo, que a Assembleia de Deus, em sua idade \u00e1urea, era uma igreja inimit\u00e1vel. Transcorridas...<\/p><a href=\"https:\/\/raizespentecostais.com.br\/index.php\/o-resgate-da-identidade-biblica-doutrinaria-e-historica-da-assembleia-de-deus-no-brasil\/\" class=\"eael-post-elements-readmore-btn\">Leia Mais<\/a><\/div>\n                    <\/div><\/div><\/div>\n        <\/div>\n    <\/article><article class=\"eael-grid-post  eael-post-grid-column eael-pg-post-2668 category-espirito-santo-vida-crista\" data-id=\"2668\">\n        <div class=\"eael-grid-post-holder\">\n            <div class=\"eael-grid-post-holder-inner\"><div class=\"eael-entry-media\"><div class=\"eael-entry-overlay fade-in\"><i class=\"fas fa-external-link-alt\" aria-hidden=\"true\"><\/i><a href=\"https:\/\/raizespentecostais.com.br\/index.php\/tocado-pelo-espirito-santo\/\"><\/a><\/div><div class=\"eael-entry-thumbnail \">\n                <img decoding=\"async\" width=\"223\" height=\"300\" src=\"https:\/\/raizespentecostais.com.br\/wp-content\/uploads\/2025\/05\/Pr.-Bernhard-Johnson-2-223x300.jpg\" class=\"attachment-medium size-medium wp-image-2669\" alt=\"\" srcset=\"https:\/\/raizespentecostais.com.br\/wp-content\/uploads\/2025\/05\/Pr.-Bernhard-Johnson-2-223x300.jpg 223w, https:\/\/raizespentecostais.com.br\/wp-content\/uploads\/2025\/05\/Pr.-Bernhard-Johnson-2-763x1024.jpg 763w, https:\/\/raizespentecostais.com.br\/wp-content\/uploads\/2025\/05\/Pr.-Bernhard-Johnson-2-768x1031.jpg 768w, https:\/\/raizespentecostais.com.br\/wp-content\/uploads\/2025\/05\/Pr.-Bernhard-Johnson-2-1144x1536.jpg 1144w, https:\/\/raizespentecostais.com.br\/wp-content\/uploads\/2025\/05\/Pr.-Bernhard-Johnson-2-1525x2048.jpg 1525w, https:\/\/raizespentecostais.com.br\/wp-content\/uploads\/2025\/05\/Pr.-Bernhard-Johnson-2-scaled.jpg 1907w\" sizes=\"(max-width: 223px) 100vw, 223px\" \/>\n            <\/div>\n        <\/div><div class=\"eael-entry-wrapper\"><header class=\"eael-entry-header\"><h2 class=\"eael-entry-title\"><a class=\"eael-grid-post-link\" href=\"https:\/\/raizespentecostais.com.br\/index.php\/tocado-pelo-espirito-santo\/\" title=\"Tocado pelo Esp\u00edrito Santo\">Tocado pelo Esp\u00edrito Santo<\/a><\/h2><\/header><div class=\"eael-entry-content\">\n                        <div class=\"eael-grid-post-excerpt\"><p>Reda\u00e7\u00e3o Por volta dos dezoito anos, Bernhardinho (era assim que os brasileiros o chamavam, para fazer distin\u00e7\u00e3o entre ele e...<\/p><a href=\"https:\/\/raizespentecostais.com.br\/index.php\/tocado-pelo-espirito-santo\/\" class=\"eael-post-elements-readmore-btn\">Leia Mais<\/a><\/div>\n                    <\/div><\/div><\/div>\n        <\/div>\n    <\/article><article class=\"eael-grid-post  eael-post-grid-column eael-pg-post-2551 category-categorias-teologia-doutrinas-entrevistas-espirito-santo\" data-id=\"2551\">\n        <div class=\"eael-grid-post-holder\">\n            <div class=\"eael-grid-post-holder-inner\"><div class=\"eael-entry-media\"><div class=\"eael-entry-overlay fade-in\"><i class=\"fas fa-external-link-alt\" aria-hidden=\"true\"><\/i><a href=\"https:\/\/raizespentecostais.com.br\/index.php\/entrevista-a-doutrina-do-espirito-santo\/\"><\/a><\/div><div class=\"eael-entry-thumbnail \">\n                <img decoding=\"async\" width=\"300\" height=\"300\" src=\"https:\/\/raizespentecostais.com.br\/wp-content\/uploads\/2025\/04\/AdobeStock_205492954-Pentecost-Sunday-de-sunsdesign0014-300x300.jpg\" class=\"attachment-medium size-medium wp-image-2687\" alt=\"\" srcset=\"https:\/\/raizespentecostais.com.br\/wp-content\/uploads\/2025\/04\/AdobeStock_205492954-Pentecost-Sunday-de-sunsdesign0014-300x300.jpg 300w, https:\/\/raizespentecostais.com.br\/wp-content\/uploads\/2025\/04\/AdobeStock_205492954-Pentecost-Sunday-de-sunsdesign0014-1024x1024.jpg 1024w, https:\/\/raizespentecostais.com.br\/wp-content\/uploads\/2025\/04\/AdobeStock_205492954-Pentecost-Sunday-de-sunsdesign0014-150x150.jpg 150w, https:\/\/raizespentecostais.com.br\/wp-content\/uploads\/2025\/04\/AdobeStock_205492954-Pentecost-Sunday-de-sunsdesign0014-768x768.jpg 768w, https:\/\/raizespentecostais.com.br\/wp-content\/uploads\/2025\/04\/AdobeStock_205492954-Pentecost-Sunday-de-sunsdesign0014-1536x1536.jpg 1536w, https:\/\/raizespentecostais.com.br\/wp-content\/uploads\/2025\/04\/AdobeStock_205492954-Pentecost-Sunday-de-sunsdesign0014-2048x2048.jpg 2048w\" sizes=\"(max-width: 300px) 100vw, 300px\" \/>\n            <\/div>\n        <\/div><div class=\"eael-entry-wrapper\"><header class=\"eael-entry-header\"><h2 class=\"eael-entry-title\"><a class=\"eael-grid-post-link\" href=\"https:\/\/raizespentecostais.com.br\/index.php\/entrevista-a-doutrina-do-espirito-santo\/\" title=\"Entrevista: A doutrina do Esp\u00edrito Santo\">Entrevista: A doutrina do Esp\u00edrito Santo<\/a><\/h2><\/header><div class=\"eael-entry-content\">\n                        <div class=\"eael-grid-post-excerpt\"><p>Pr. Jose Goncalves Pastor da AD \u00c1gua Branca e Diretor do N\u00facleo da EETAD 1. Por que a B\u00edblia \u00e9...<\/p><a href=\"https:\/\/raizespentecostais.com.br\/index.php\/entrevista-a-doutrina-do-espirito-santo\/\" class=\"eael-post-elements-readmore-btn\">Leia Mais<\/a><\/div>\n                    <\/div><\/div><\/div>\n        <\/div>\n    <\/article><\/div>\n            <div class=\"clearfix\"><\/div>\n        <\/div>            <div class=\"eael-load-more-button-wrap eael-force-hide\">\n                <button class=\"eael-load-more-button\" id=\"eael-load-more-btn-11e14d7\" data-widget-id=\"11e14d7\" data-widget=\"11e14d7\" data-page-id=\"1419\" data-template=\"{&quot;dir&quot;:&quot;lite&quot;,&quot;file_name&quot;:&quot;one.php&quot;,&quot;name&quot;:&quot;Post-Grid&quot;}\" data-class=\"Essential_Addons_Elementor\\Elements\\Post_Grid\" data-layout=\"masonry\" data-page=\"1\" data-args=\"orderby=date&amp;order=desc&amp;ignore_sticky_posts=1&amp;post_status=publish&amp;posts_per_page=3&amp;offset=0&amp;post_type=post&amp;tax_query%5B0%5D%5Btaxonomy%5D=category&amp;tax_query%5B0%5D%5Bfield%5D=term_id&amp;tax_query%5B0%5D%5Bterms%5D%5B0%5D=11&amp;tax_query%5Brelation%5D=AND\" data-max-page=\"3\">\n                    <span class=\"eael-btn-loader button__loader\"><\/span>\n                    <span class=\"eael_load_more_text\">Load More<\/span>\n                <\/button>\n            <\/div>\n            \t\t\t\t<\/div>\n\t\t\t\t<\/div>\n\t\t\t\t\t<\/div>\n\t\t\t\t<\/div>\n\t\t\t\t<\/div>\n\t\t","protected":false},"excerpt":{"rendered":"<p>Categoria: Esp\u00edrito Santo O resgate da identidade b\u00edblica, doutrin\u00e1ria e hist\u00f3rica da Assembleia de Deus no Brasil Algu\u00e9m disse, j\u00e1 [&hellip;]<\/p>\n","protected":false},"author":1,"featured_media":0,"parent":0,"menu_order":0,"comment_status":"closed","ping_status":"closed","template":"","meta":{"site-sidebar-layout":"default","site-content-layout":"","ast-site-content-layout":"default","site-content-style":"default","site-sidebar-style":"default","ast-global-header-display":"","ast-banner-title-visibility":"","ast-main-header-display":"","ast-hfb-above-header-display":"","ast-hfb-below-header-display":"","ast-hfb-mobile-header-display":"","site-post-title":"disabled","ast-breadcrumbs-content":"","ast-featured-img":"","footer-sml-layout":"","theme-transparent-header-meta":"","adv-header-id-meta":"","stick-header-meta":"","header-above-stick-meta":"","header-main-stick-meta":"","header-below-stick-meta":"","astra-migrate-meta-layouts":"default","ast-page-background-enabled":"default","ast-page-background-meta":{"desktop":{"background-color":"var(--ast-global-color-5)","background-image":"","background-repeat":"repeat","background-position":"center center","background-size":"auto","background-attachment":"scroll","background-type":"","background-media":"","overlay-type":"","overlay-color":"","overlay-opacity":"","overlay-gradient":""},"tablet":{"background-color":"","background-image":"","background-repeat":"repeat","background-position":"center center","background-size":"auto","background-attachment":"scroll","background-type":"","background-media":"","overlay-type":"","overlay-color":"","overlay-opacity":"","overlay-gradient":""},"mobile":{"background-color":"","background-image":"","background-repeat":"repeat","background-position":"center center","background-size":"auto","background-attachment":"scroll","background-type":"","background-media":"","overlay-type":"","overlay-color":"","overlay-opacity":"","overlay-gradient":""}},"ast-content-background-meta":{"desktop":{"background-color":"var(--ast-global-color-4)","background-image":"","background-repeat":"repeat","background-position":"center center","background-size":"auto","background-attachment":"scroll","background-type":"","background-media":"","overlay-type":"","overlay-color":"","overlay-opacity":"","overlay-gradient":""},"tablet":{"background-color":"var(--ast-global-color-4)","background-image":"","background-repeat":"repeat","background-position":"center center","background-size":"auto","background-attachment":"scroll","background-type":"","background-media":"","overlay-type":"","overlay-color":"","overlay-opacity":"","overlay-gradient":""},"mobile":{"background-color":"var(--ast-global-color-4)","background-image":"","background-repeat":"repeat","background-position":"center center","background-size":"auto","background-attachment":"scroll","background-type":"","background-media":"","overlay-type":"","overlay-color":"","overlay-opacity":"","overlay-gradient":""}},"footnotes":""},"class_list":["post-1419","page","type-page","status-publish","hentry"],"_links":{"self":[{"href":"https:\/\/raizespentecostais.com.br\/index.php\/wp-json\/wp\/v2\/pages\/1419","targetHints":{"allow":["GET"]}}],"collection":[{"href":"https:\/\/raizespentecostais.com.br\/index.php\/wp-json\/wp\/v2\/pages"}],"about":[{"href":"https:\/\/raizespentecostais.com.br\/index.php\/wp-json\/wp\/v2\/types\/page"}],"author":[{"embeddable":true,"href":"https:\/\/raizespentecostais.com.br\/index.php\/wp-json\/wp\/v2\/users\/1"}],"replies":[{"embeddable":true,"href":"https:\/\/raizespentecostais.com.br\/index.php\/wp-json\/wp\/v2\/comments?post=1419"}],"version-history":[{"count":11,"href":"https:\/\/raizespentecostais.com.br\/index.php\/wp-json\/wp\/v2\/pages\/1419\/revisions"}],"predecessor-version":[{"id":3442,"href":"https:\/\/raizespentecostais.com.br\/index.php\/wp-json\/wp\/v2\/pages\/1419\/revisions\/3442"}],"wp:attachment":[{"href":"https:\/\/raizespentecostais.com.br\/index.php\/wp-json\/wp\/v2\/media?parent=1419"}],"curies":[{"name":"wp","href":"https:\/\/api.w.org\/{rel}","templated":true}]}}