{"id":3361,"date":"2025-10-22T14:02:43","date_gmt":"2025-10-22T14:02:43","guid":{"rendered":"https:\/\/raizespentecostais.com.br\/?page_id=3361"},"modified":"2025-11-06T13:36:48","modified_gmt":"2025-11-06T13:36:48","slug":"prof-bruno-william-2","status":"publish","type":"page","link":"https:\/\/raizespentecostais.com.br\/index.php\/prof-bruno-william-2\/","title":{"rendered":"Prof. Bruno William"},"content":{"rendered":"\t\t<div data-elementor-type=\"wp-page\" data-elementor-id=\"3361\" class=\"elementor elementor-3361\">\n\t\t\t\t<div class=\"elementor-element elementor-element-1879583 e-flex e-con-boxed e-con e-parent\" data-id=\"1879583\" data-element_type=\"container\" data-e-type=\"container\" data-settings=\"{&quot;background_background&quot;:&quot;classic&quot;}\">\n\t\t\t\t\t<div class=\"e-con-inner\">\n\t\t\t\t<div class=\"elementor-element elementor-element-df3a8dd elementor-widget__width-inherit elementor-widget elementor-widget-elementskit-team\" data-id=\"df3a8dd\" data-element_type=\"widget\" data-e-type=\"widget\" data-widget_type=\"elementskit-team.default\">\n\t\t\t\t<div class=\"elementor-widget-container\">\n\t\t\t\t\t<div class=\"ekit-wid-con\">\t\t\t\t\t\t\t\t\n\t\t<div class=\"profile-card elementor-animation- text-center ekit-team-style-default\">\n\t\t\t\n\t\t\t\t<div class=\"profile-header ekit-team-img ekit-img-overlay ekit-team-img-block\" >\n\t\t\t\t\t<img decoding=\"async\" width=\"86\" height=\"86\" src=\"https:\/\/raizespentecostais.com.br\/wp-content\/uploads\/2025\/04\/30-mm-Prof.-Bruno-William.png\" class=\"attachment-thumbnail size-thumbnail wp-image-2609\" alt=\"\" \/>\t\t\t\t<\/div><!-- .profile-header END -->\n\t\t\t\n\n\t\t\t\t<div class=\"profile-body\">\n\t\t\t\t\t\n\t\t\t\t\t<h2 class=\"profile-title\">\n\t\t\t\t\t\t\t\t\t\t\tBruno William\t\t\t\t\t\t\t\t\t\t<\/h2>\n\t\t\t\t\t<p class=\"profile-designation\">Professor <\/p>\n\t\t\t\t\t\t\t\t\t\t<p class=\"profile-content\">Bruno William \u00e9 comunic\u00f3logo com gradua\u00e7\u00e3o em Comunica\u00e7\u00e3o Social (Publicidade e Propaganda) e p\u00f3s-graduado em Gest\u00e3o Estrat\u00e9gica de Marcas (Branding), Marketing e Gest\u00e3o de Neg\u00f3cios. Formado em Teologia pela Escola de Educa\u00e7\u00e3o Teol\u00f3gica das Assembleias de Deus (EETAD), possui especializa\u00e7\u00e3o em Teologia do Novo Testamento e \u00e9 atualmente mestrando em Teologia. Atua como professor titular da EETAD e exerce a fun\u00e7\u00e3o de editor da revista Ra\u00edzes Pentecostais.<\/p>\n\t\t\t\t\t\t\t\t\t<\/div><!-- .profile-body END -->\n\n\t\t\t\t\t\t\t\t\t<div class=\"profile-footer\">\n\t\t\t\t\t\t<ul class=\"ekit-team-social-list\">\n\t\t\t<li class=\"elementor-repeater-item-a206042\">\n\t\t\t<a href=\"https:\/\/facebook.com\" aria-label=\"Facebook\">\n\t\t\t\t<i aria-hidden=\"true\" class=\"icon icon-facebook\"><\/i>\t\t\t<\/a>\n\t\t<\/li>\n\t\t\t<li class=\"elementor-repeater-item-a4a595b\">\n\t\t\t<a href=\"https:\/\/facebook.com\" aria-label=\"Instagram\">\n\t\t\t\t<i aria-hidden=\"true\" class=\"icon icon-instagram-1\"><\/i>\t\t\t<\/a>\n\t\t<\/li>\n\t<\/ul>\n\t\t\t\t\t<\/div>\n\t\t\t\t\t\t\t\t\t<\/div>\n\t\t\t\t\t\t\t\n\t\t\t\n\t\t\t\t<\/div>\t\t\t\t<\/div>\n\t\t\t\t<\/div>\n\t\t\t\t\t<\/div>\n\t\t\t\t<\/div>\n\t\t<div class=\"elementor-element elementor-element-b81d21e e-flex e-con-boxed e-con e-parent\" data-id=\"b81d21e\" data-element_type=\"container\" data-e-type=\"container\">\n\t\t\t\t\t<div class=\"e-con-inner\">\n\t\t\t\t<div class=\"elementor-element elementor-element-11e14d7 elementor-grid-eael-col-3 elementor-grid-tablet-eael-col-3 elementor-widget__width-inherit elementor-grid-mobile-eael-col-1 elementor-widget elementor-widget-eael-post-grid\" data-id=\"11e14d7\" data-element_type=\"widget\" data-e-type=\"widget\" data-settings=\"{&quot;eael_post_grid_columns&quot;:&quot;eael-col-3&quot;,&quot;eael_post_grid_columns_tablet&quot;:&quot;eael-col-3&quot;,&quot;eael_post_grid_columns_mobile&quot;:&quot;eael-col-1&quot;}\" data-widget_type=\"eael-post-grid.default\">\n\t\t\t\t<div class=\"elementor-widget-container\">\n\t\t\t\t\t<div id=\"eael-post-grid-11e14d7\" class=\"eael-post-grid-container\">\n            <div class=\"eael-post-grid eael-post-appender eael-post-appender-11e14d7 eael-post-grid-style-two\" data-layout-mode=\"masonry\"><article class=\"eael-grid-post  eael-post-grid-column eael-pg-post-2746 category-entrevistas\" data-id=\"2746\">\n    <div class=\"eael-grid-post-holder\">\n        <div class=\"eael-grid-post-holder-inner\"><div class=\"eael-entry-media\"><div class=\"eael-entry-overlay fade-in\"><i class=\"fas fa-external-link-alt\" aria-hidden=\"true\"><\/i><a href=\"https:\/\/raizespentecostais.com.br\/index.php\/entrevista-o-livro-do-apocalipse\/\"><\/a><\/div><div class=\"eael-entry-thumbnail \">\n                            <img fetchpriority=\"high\" decoding=\"async\" width=\"300\" height=\"297\" src=\"https:\/\/raizespentecostais.com.br\/wp-content\/uploads\/2025\/05\/Orlando-Boyer-300x297.png\" class=\"attachment-medium size-medium wp-image-2748\" alt=\"\" srcset=\"https:\/\/raizespentecostais.com.br\/wp-content\/uploads\/2025\/05\/Orlando-Boyer-300x297.png 300w, https:\/\/raizespentecostais.com.br\/wp-content\/uploads\/2025\/05\/Orlando-Boyer-150x150.png 150w, https:\/\/raizespentecostais.com.br\/wp-content\/uploads\/2025\/05\/Orlando-Boyer-768x761.png 768w, https:\/\/raizespentecostais.com.br\/wp-content\/uploads\/2025\/05\/Orlando-Boyer.png 986w\" sizes=\"(max-width: 300px) 100vw, 300px\" \/>\n                            <\/div>\n                    <\/div><div class=\"eael-entry-wrapper\"><header class=\"eael-entry-header\"><h2 class=\"eael-entry-title\"><a class=\"eael-grid-post-link\" href=\"https:\/\/raizespentecostais.com.br\/index.php\/entrevista-o-livro-do-apocalipse\/\" title=\"Entrevista: O livro do Apocalipse\">Entrevista: O livro do Apocalipse<\/a><\/h2><\/header><div class=\"eael-entry-content\">\n                                <div class=\"eael-grid-post-excerpt\"><p>Por Pr. Orlando Boyer (1893-1978) 1 Pioneiro de Assembleias de Deus em Alagoas, Cear\u00e1 e Santa Catarina ENTREVISTAMOS ORLANDO BOYER,...<\/p><a href=\"https:\/\/raizespentecostais.com.br\/index.php\/entrevista-o-livro-do-apocalipse\/\" class=\"eael-post-elements-readmore-btn\">Leia Mais<\/a><\/div>\n                            <\/div><\/div><\/div>\n    <\/div>\n<\/article><article class=\"eael-grid-post  eael-post-grid-column eael-pg-post-2608 category-biblia-hermeneutica-e-exegese-categorias-devocional-vida-crista\" data-id=\"2608\">\n    <div class=\"eael-grid-post-holder\">\n        <div class=\"eael-grid-post-holder-inner\"><div class=\"eael-entry-media\"><div class=\"eael-entry-overlay fade-in\"><i class=\"fas fa-external-link-alt\" aria-hidden=\"true\"><\/i><a href=\"https:\/\/raizespentecostais.com.br\/index.php\/o-metodo-de-leitura-biblica-da-irma-doris\/\"><\/a><\/div><div class=\"eael-entry-thumbnail \">\n                            <img decoding=\"async\" width=\"300\" height=\"168\" src=\"https:\/\/raizespentecostais.com.br\/wp-content\/uploads\/2025\/04\/images.jpeg\" class=\"attachment-medium size-medium wp-image-2711\" alt=\"\" \/>\n                            <\/div>\n                    <\/div><div class=\"eael-entry-wrapper\"><header class=\"eael-entry-header\"><h2 class=\"eael-entry-title\"><a class=\"eael-grid-post-link\" href=\"https:\/\/raizespentecostais.com.br\/index.php\/o-metodo-de-leitura-biblica-da-irma-doris\/\" title=\"O m\u00e9todo de leitura b\u00edblica da Irm\u00e3 Doris\">O m\u00e9todo de leitura b\u00edblica da Irm\u00e3 Doris<\/a><\/h2><\/header><div class=\"eael-entry-content\">\n                                <div class=\"eael-grid-post-excerpt\"><p>Prof. Bruno William 1Editor da revista Ra\u00edzes Pentecostais e Professor da EETAD No princ\u00edpio da madrugada de domingo, 27 de...<\/p><a href=\"https:\/\/raizespentecostais.com.br\/index.php\/o-metodo-de-leitura-biblica-da-irma-doris\/\" class=\"eael-post-elements-readmore-btn\">Leia Mais<\/a><\/div>\n                            <\/div><\/div><\/div>\n    <\/div>\n<\/article><article class=\"eael-grid-post  eael-post-grid-column eael-pg-post-2661 category-apologetica-biblia-hermeneutica-e-exegese-categorias\" data-id=\"2661\">\n    <div class=\"eael-grid-post-holder\">\n        <div class=\"eael-grid-post-holder-inner\"><div class=\"eael-entry-media\"><div class=\"eael-entry-overlay fade-in\"><i class=\"fas fa-external-link-alt\" aria-hidden=\"true\"><\/i><a href=\"https:\/\/raizespentecostais.com.br\/index.php\/se-me-faz-bem-nao-e-pecado\/\"><\/a><\/div><div class=\"eael-entry-thumbnail \">\n                            <img loading=\"lazy\" decoding=\"async\" width=\"300\" height=\"157\" src=\"https:\/\/raizespentecostais.com.br\/wp-content\/uploads\/2025\/04\/caminho-para-o-inferno-300x157.jpg\" class=\"attachment-medium size-medium wp-image-2665\" alt=\"\" srcset=\"https:\/\/raizespentecostais.com.br\/wp-content\/uploads\/2025\/04\/caminho-para-o-inferno-300x157.jpg 300w, https:\/\/raizespentecostais.com.br\/wp-content\/uploads\/2025\/04\/caminho-para-o-inferno-1024x536.jpg 1024w, https:\/\/raizespentecostais.com.br\/wp-content\/uploads\/2025\/04\/caminho-para-o-inferno-768x402.jpg 768w, https:\/\/raizespentecostais.com.br\/wp-content\/uploads\/2025\/04\/caminho-para-o-inferno.jpg 1200w\" sizes=\"(max-width: 300px) 100vw, 300px\" \/>\n                            <\/div>\n                    <\/div><div class=\"eael-entry-wrapper\"><header class=\"eael-entry-header\"><h2 class=\"eael-entry-title\"><a class=\"eael-grid-post-link\" href=\"https:\/\/raizespentecostais.com.br\/index.php\/se-me-faz-bem-nao-e-pecado\/\" title=\"Se me faz bem, n\u00e3o \u00e9 pecado?\">Se me faz bem, n\u00e3o \u00e9 pecado?<\/a><\/h2><\/header><div class=\"eael-entry-content\">\n                                <div class=\"eael-grid-post-excerpt\"><p>Prof. Bruno William 1Editor da revista Ra\u00edzes Pentecostais e Professor da EETAD Li em um muro uma picha\u00e7\u00e3o que dizia...<\/p><a href=\"https:\/\/raizespentecostais.com.br\/index.php\/se-me-faz-bem-nao-e-pecado\/\" class=\"eael-post-elements-readmore-btn\">Leia Mais<\/a><\/div>\n                            <\/div><\/div><\/div>\n    <\/div>\n<\/article><article class=\"eael-grid-post  eael-post-grid-column eael-pg-post-2566 category-categorias-entrevistas\" data-id=\"2566\">\n    <div class=\"eael-grid-post-holder\">\n        <div class=\"eael-grid-post-holder-inner\"><div class=\"eael-entry-media\"><div class=\"eael-entry-overlay fade-in\"><i class=\"fas fa-external-link-alt\" aria-hidden=\"true\"><\/i><a href=\"https:\/\/raizespentecostais.com.br\/index.php\/entrevista-o-inicio-da-eetad\/\"><\/a><\/div><div class=\"eael-entry-thumbnail \">\n                            <img loading=\"lazy\" decoding=\"async\" width=\"300\" height=\"182\" src=\"https:\/\/raizespentecostais.com.br\/wp-content\/uploads\/2025\/04\/87-e1744387605934-300x182.jpeg\" class=\"attachment-medium size-medium wp-image-2577\" alt=\"\" srcset=\"https:\/\/raizespentecostais.com.br\/wp-content\/uploads\/2025\/04\/87-e1744387605934-300x182.jpeg 300w, https:\/\/raizespentecostais.com.br\/wp-content\/uploads\/2025\/04\/87-e1744387605934-768x466.jpeg 768w, https:\/\/raizespentecostais.com.br\/wp-content\/uploads\/2025\/04\/87-e1744387605934.jpeg 1003w\" sizes=\"(max-width: 300px) 100vw, 300px\" \/>\n                            <\/div>\n                    <\/div><div class=\"eael-entry-wrapper\"><header class=\"eael-entry-header\"><h2 class=\"eael-entry-title\"><a class=\"eael-grid-post-link\" href=\"https:\/\/raizespentecostais.com.br\/index.php\/entrevista-o-inicio-da-eetad\/\" title=\"Entrevista: O in\u00edcio da EETAD\">Entrevista: O in\u00edcio da EETAD<\/a><\/h2><\/header><div class=\"eael-entry-content\">\n                                <div class=\"eael-grid-post-excerpt\"><p>Elizabeth KinasSecret\u00e1ria Executiva da Presid\u00eancia da EETAD Convidamos a irm\u00e3 Elizabeth Kinas, cuja hist\u00f3ria \u00e9 intimamente ligada \u00e0 EETAD e...<\/p><a href=\"https:\/\/raizespentecostais.com.br\/index.php\/entrevista-o-inicio-da-eetad\/\" class=\"eael-post-elements-readmore-btn\">Leia Mais<\/a><\/div>\n                            <\/div><\/div><\/div>\n    <\/div>\n<\/article><article class=\"eael-grid-post  eael-post-grid-column eael-pg-post-2551 category-categorias-teologia-doutrinas-entrevistas-espirito-santo\" data-id=\"2551\">\n    <div class=\"eael-grid-post-holder\">\n        <div class=\"eael-grid-post-holder-inner\"><div class=\"eael-entry-media\"><div class=\"eael-entry-overlay fade-in\"><i class=\"fas fa-external-link-alt\" aria-hidden=\"true\"><\/i><a href=\"https:\/\/raizespentecostais.com.br\/index.php\/entrevista-a-doutrina-do-espirito-santo\/\"><\/a><\/div><div class=\"eael-entry-thumbnail \">\n                            <img loading=\"lazy\" decoding=\"async\" width=\"300\" height=\"300\" src=\"https:\/\/raizespentecostais.com.br\/wp-content\/uploads\/2025\/04\/AdobeStock_205492954-Pentecost-Sunday-de-sunsdesign0014-300x300.jpg\" class=\"attachment-medium size-medium wp-image-2687\" alt=\"\" srcset=\"https:\/\/raizespentecostais.com.br\/wp-content\/uploads\/2025\/04\/AdobeStock_205492954-Pentecost-Sunday-de-sunsdesign0014-300x300.jpg 300w, https:\/\/raizespentecostais.com.br\/wp-content\/uploads\/2025\/04\/AdobeStock_205492954-Pentecost-Sunday-de-sunsdesign0014-1024x1024.jpg 1024w, https:\/\/raizespentecostais.com.br\/wp-content\/uploads\/2025\/04\/AdobeStock_205492954-Pentecost-Sunday-de-sunsdesign0014-150x150.jpg 150w, https:\/\/raizespentecostais.com.br\/wp-content\/uploads\/2025\/04\/AdobeStock_205492954-Pentecost-Sunday-de-sunsdesign0014-768x768.jpg 768w, https:\/\/raizespentecostais.com.br\/wp-content\/uploads\/2025\/04\/AdobeStock_205492954-Pentecost-Sunday-de-sunsdesign0014-1536x1536.jpg 1536w, https:\/\/raizespentecostais.com.br\/wp-content\/uploads\/2025\/04\/AdobeStock_205492954-Pentecost-Sunday-de-sunsdesign0014-2048x2048.jpg 2048w\" sizes=\"(max-width: 300px) 100vw, 300px\" \/>\n                            <\/div>\n                    <\/div><div class=\"eael-entry-wrapper\"><header class=\"eael-entry-header\"><h2 class=\"eael-entry-title\"><a class=\"eael-grid-post-link\" href=\"https:\/\/raizespentecostais.com.br\/index.php\/entrevista-a-doutrina-do-espirito-santo\/\" title=\"Entrevista: A doutrina do Esp\u00edrito Santo\">Entrevista: A doutrina do Esp\u00edrito Santo<\/a><\/h2><\/header><div class=\"eael-entry-content\">\n                                <div class=\"eael-grid-post-excerpt\"><p>Pr. Jose Goncalves Pastor da AD \u00c1gua Branca e Diretor do N\u00facleo da EETAD 1. Por que a B\u00edblia \u00e9...<\/p><a href=\"https:\/\/raizespentecostais.com.br\/index.php\/entrevista-a-doutrina-do-espirito-santo\/\" class=\"eael-post-elements-readmore-btn\">Leia Mais<\/a><\/div>\n                            <\/div><\/div><\/div>\n    <\/div>\n<\/article><article class=\"eael-grid-post  eael-post-grid-column eael-pg-post-2458 category-destaque\" data-id=\"2458\">\n    <div class=\"eael-grid-post-holder\">\n        <div class=\"eael-grid-post-holder-inner\"><div class=\"eael-entry-media\"><div class=\"eael-entry-overlay fade-in\"><i class=\"fas fa-external-link-alt\" aria-hidden=\"true\"><\/i><a href=\"https:\/\/raizespentecostais.com.br\/index.php\/a-biblia-do-pr-bernhard\/\"><\/a><\/div><div class=\"eael-entry-thumbnail \">\n                            <img loading=\"lazy\" decoding=\"async\" width=\"300\" height=\"169\" src=\"https:\/\/raizespentecostais.com.br\/wp-content\/uploads\/2025\/04\/A-Biblia-do-Pr.-Bernhard-3-300x169.jpg\" class=\"attachment-medium size-medium wp-image-2464\" alt=\"\" srcset=\"https:\/\/raizespentecostais.com.br\/wp-content\/uploads\/2025\/04\/A-Biblia-do-Pr.-Bernhard-3-300x169.jpg 300w, https:\/\/raizespentecostais.com.br\/wp-content\/uploads\/2025\/04\/A-Biblia-do-Pr.-Bernhard-3-1024x576.jpg 1024w, https:\/\/raizespentecostais.com.br\/wp-content\/uploads\/2025\/04\/A-Biblia-do-Pr.-Bernhard-3-768x432.jpg 768w, https:\/\/raizespentecostais.com.br\/wp-content\/uploads\/2025\/04\/A-Biblia-do-Pr.-Bernhard-3-1536x864.jpg 1536w, https:\/\/raizespentecostais.com.br\/wp-content\/uploads\/2025\/04\/A-Biblia-do-Pr.-Bernhard-3-2048x1152.jpg 2048w\" sizes=\"(max-width: 300px) 100vw, 300px\" \/>\n                            <\/div>\n                    <\/div><div class=\"eael-entry-wrapper\"><header class=\"eael-entry-header\"><h2 class=\"eael-entry-title\"><a class=\"eael-grid-post-link\" href=\"https:\/\/raizespentecostais.com.br\/index.php\/a-biblia-do-pr-bernhard\/\" title=\"A B\u00edblia do Pr. Bernhard\">A B\u00edblia do Pr. Bernhard<\/a><\/h2><\/header><div class=\"eael-entry-content\">\n                                <div class=\"eael-grid-post-excerpt\"><p>Reda\u00e7\u00e3o A B\u00edblia do Pastor Bernhard Johnson testemunha o quanto a palavra de Deus \u00e9 fundamental aos servos do Senhor....<\/p><a href=\"https:\/\/raizespentecostais.com.br\/index.php\/a-biblia-do-pr-bernhard\/\" class=\"eael-post-elements-readmore-btn\">Leia Mais<\/a><\/div>\n                            <\/div><\/div><\/div>\n    <\/div>\n<\/article><\/div>\n            <div class=\"clearfix\"><\/div>\n        <\/div>            <div class=\"eael-load-more-button-wrap eael-force-hide\">\n                <button class=\"eael-load-more-button\" id=\"eael-load-more-btn-11e14d7\" data-widget-id=\"11e14d7\" data-widget=\"11e14d7\" data-page-id=\"3361\" data-template=\"{&quot;dir&quot;:&quot;lite&quot;,&quot;file_name&quot;:&quot;two.php&quot;,&quot;name&quot;:&quot;Post-Grid&quot;}\" data-class=\"Essential_Addons_Elementor\\Elements\\Post_Grid\" data-layout=\"masonry\" data-page=\"1\" data-args=\"orderby=date&amp;order=desc&amp;ignore_sticky_posts=1&amp;post_status=publish&amp;posts_per_page=6&amp;offset=0&amp;post_type=post&amp;author__in%5B0%5D=16\" data-max-page=\"2\">\n                    <span class=\"eael-btn-loader button__loader\"><\/span>\n                    <span class=\"eael_load_more_text\">Load More<\/span>\n                <\/button>\n            <\/div>\n            \t\t\t\t<\/div>\n\t\t\t\t<\/div>\n\t\t\t\t\t<\/div>\n\t\t\t\t<\/div>\n\t\t\t\t<\/div>\n\t\t","protected":false},"excerpt":{"rendered":"<p>Bruno William Professor Bruno William \u00e9 comunic\u00f3logo com gradua\u00e7\u00e3o em Comunica\u00e7\u00e3o Social (Publicidade e Propaganda) e p\u00f3s-graduado em Gest\u00e3o Estrat\u00e9gica [&hellip;]<\/p>\n","protected":false},"author":2,"featured_media":0,"parent":0,"menu_order":0,"comment_status":"closed","ping_status":"closed","template":"","meta":{"site-sidebar-layout":"default","site-content-layout":"","ast-site-content-layout":"default","site-content-style":"default","site-sidebar-style":"default","ast-global-header-display":"","ast-banner-title-visibility":"","ast-main-header-display":"","ast-hfb-above-header-display":"","ast-hfb-below-header-display":"","ast-hfb-mobile-header-display":"","site-post-title":"disabled","ast-breadcrumbs-content":"","ast-featured-img":"","footer-sml-layout":"","theme-transparent-header-meta":"","adv-header-id-meta":"","stick-header-meta":"","header-above-stick-meta":"","header-main-stick-meta":"","header-below-stick-meta":"","astra-migrate-meta-layouts":"default","ast-page-background-enabled":"default","ast-page-background-meta":{"desktop":{"background-color":"var(--ast-global-color-5)","background-image":"","background-repeat":"repeat","background-position":"center center","background-size":"auto","background-attachment":"scroll","background-type":"","background-media":"","overlay-type":"","overlay-color":"","overlay-opacity":"","overlay-gradient":""},"tablet":{"background-color":"","background-image":"","background-repeat":"repeat","background-position":"center center","background-size":"auto","background-attachment":"scroll","background-type":"","background-media":"","overlay-type":"","overlay-color":"","overlay-opacity":"","overlay-gradient":""},"mobile":{"background-color":"","background-image":"","background-repeat":"repeat","background-position":"center center","background-size":"auto","background-attachment":"scroll","background-type":"","background-media":"","overlay-type":"","overlay-color":"","overlay-opacity":"","overlay-gradient":""}},"ast-content-background-meta":{"desktop":{"background-color":"var(--ast-global-color-4)","background-image":"","background-repeat":"repeat","background-position":"center center","background-size":"auto","background-attachment":"scroll","background-type":"","background-media":"","overlay-type":"","overlay-color":"","overlay-opacity":"","overlay-gradient":""},"tablet":{"background-color":"var(--ast-global-color-4)","background-image":"","background-repeat":"repeat","background-position":"center center","background-size":"auto","background-attachment":"scroll","background-type":"","background-media":"","overlay-type":"","overlay-color":"","overlay-opacity":"","overlay-gradient":""},"mobile":{"background-color":"var(--ast-global-color-4)","background-image":"","background-repeat":"repeat","background-position":"center center","background-size":"auto","background-attachment":"scroll","background-type":"","background-media":"","overlay-type":"","overlay-color":"","overlay-opacity":"","overlay-gradient":""}},"footnotes":""},"class_list":["post-3361","page","type-page","status-publish","hentry"],"_links":{"self":[{"href":"https:\/\/raizespentecostais.com.br\/index.php\/wp-json\/wp\/v2\/pages\/3361","targetHints":{"allow":["GET"]}}],"collection":[{"href":"https:\/\/raizespentecostais.com.br\/index.php\/wp-json\/wp\/v2\/pages"}],"about":[{"href":"https:\/\/raizespentecostais.com.br\/index.php\/wp-json\/wp\/v2\/types\/page"}],"author":[{"embeddable":true,"href":"https:\/\/raizespentecostais.com.br\/index.php\/wp-json\/wp\/v2\/users\/2"}],"replies":[{"embeddable":true,"href":"https:\/\/raizespentecostais.com.br\/index.php\/wp-json\/wp\/v2\/comments?post=3361"}],"version-history":[{"count":8,"href":"https:\/\/raizespentecostais.com.br\/index.php\/wp-json\/wp\/v2\/pages\/3361\/revisions"}],"predecessor-version":[{"id":3867,"href":"https:\/\/raizespentecostais.com.br\/index.php\/wp-json\/wp\/v2\/pages\/3361\/revisions\/3867"}],"wp:attachment":[{"href":"https:\/\/raizespentecostais.com.br\/index.php\/wp-json\/wp\/v2\/media?parent=3361"}],"curies":[{"name":"wp","href":"https:\/\/api.w.org\/{rel}","templated":true}]}}