{"id":3378,"date":"2025-10-22T14:25:21","date_gmt":"2025-10-22T14:25:21","guid":{"rendered":"https:\/\/raizespentecostais.com.br\/?page_id=3378"},"modified":"2025-10-22T14:28:09","modified_gmt":"2025-10-22T14:28:09","slug":"pr-alex-esteves-copy","status":"publish","type":"page","link":"https:\/\/raizespentecostais.com.br\/index.php\/pr-alex-esteves-copy\/","title":{"rendered":"Pr. Elienai Cabral"},"content":{"rendered":"\t\t<div data-elementor-type=\"wp-page\" data-elementor-id=\"3378\" class=\"elementor elementor-3378\">\n\t\t\t\t<div class=\"elementor-element elementor-element-1879583 e-flex e-con-boxed e-con e-parent\" data-id=\"1879583\" data-element_type=\"container\" data-e-type=\"container\" data-settings=\"{&quot;background_background&quot;:&quot;classic&quot;}\">\n\t\t\t\t\t<div class=\"e-con-inner\">\n\t\t\t\t<div class=\"elementor-element elementor-element-df3a8dd elementor-widget__width-inherit elementor-widget elementor-widget-elementskit-team\" data-id=\"df3a8dd\" data-element_type=\"widget\" data-e-type=\"widget\" data-widget_type=\"elementskit-team.default\">\n\t\t\t\t<div class=\"elementor-widget-container\">\n\t\t\t\t\t<div class=\"ekit-wid-con\">\t\t\t\t\t\t\t\t\n\t\t<div class=\"profile-card elementor-animation- text-center ekit-team-style-default\">\n\t\t\t\n\t\t\t\t<div class=\"profile-header ekit-team-img ekit-img-overlay ekit-team-img-block\" >\n\t\t\t\t\t<img decoding=\"async\" width=\"150\" height=\"150\" src=\"https:\/\/raizespentecostais.com.br\/wp-content\/uploads\/2024\/10\/pr-elienai-cabral-1-150x150.jpg\" class=\"attachment-thumbnail size-thumbnail wp-image-2059\" alt=\"\" srcset=\"https:\/\/raizespentecostais.com.br\/wp-content\/uploads\/2024\/10\/pr-elienai-cabral-1-150x150.jpg 150w, https:\/\/raizespentecostais.com.br\/wp-content\/uploads\/2024\/10\/pr-elienai-cabral-1-300x300.jpg 300w, https:\/\/raizespentecostais.com.br\/wp-content\/uploads\/2024\/10\/pr-elienai-cabral-1-1024x1024.jpg 1024w, https:\/\/raizespentecostais.com.br\/wp-content\/uploads\/2024\/10\/pr-elienai-cabral-1-768x768.jpg 768w, https:\/\/raizespentecostais.com.br\/wp-content\/uploads\/2024\/10\/pr-elienai-cabral-1.jpg 1080w\" sizes=\"(max-width: 150px) 100vw, 150px\" \/>\t\t\t\t<\/div><!-- .profile-header END -->\n\t\t\t\n\n\t\t\t\t<div class=\"profile-body\">\n\t\t\t\t\t\n\t\t\t\t\t<h2 class=\"profile-title\">\n\t\t\t\t\t\t\t\t\t\t\tPr. Elienai Cabral\t\t\t\t\t\t\t\t\t\t<\/h2>\n\t\t\t\t\t<p class=\"profile-designation\">Professor \/ Pastor<\/p>\n\t\t\t\t\t\t\t\t\t\t<p class=\"profile-content\">Pr. Elienai Cabral tem servido ao Senhor desde a sua juventude como pregador da palavra de Deus e ensinador. Ao logo de seus muitos anos de minist\u00e9rio, ele produziu coment\u00e1rios para as Li\u00e7\u00f5es B\u00edblicas da Escola Dominical, redigiu incont\u00e1veis artigos, escreveu livros e atuou sempre em favor da explana\u00e7\u00e3o b\u00edblica fiel. Filho do pioneiro assembleiano Osmar Cabral, o Pastor Elienai tem uma estreita liga\u00e7\u00e3o com o Minist\u00e9rio Bernhard Johnson e com a EETAD, sendo h\u00e1 v\u00e1rias d\u00e9cadas membro ativo da diretoria estatut\u00e1ria da escola. Atualmente ele atua, tamb\u00e9m, como Consultor Teol\u00f3gico da Conven\u00e7\u00e3o Geral das Assembleias de Deus no Brasil (CGADB).<\/p>\n\t\t\t\t\t\t\t\t\t<\/div><!-- .profile-body END -->\n\n\t\t\t\t\t\t\t\t\t<div class=\"profile-footer\">\n\t\t\t\t\t\t<ul class=\"ekit-team-social-list\">\n\t\t\t<li class=\"elementor-repeater-item-a206042\">\n\t\t\t<a href=\"https:\/\/facebook.com\" aria-label=\"Facebook\">\n\t\t\t\t<i aria-hidden=\"true\" class=\"icon icon-facebook\"><\/i>\t\t\t<\/a>\n\t\t<\/li>\n\t\t\t<li class=\"elementor-repeater-item-a4a595b\">\n\t\t\t<a href=\"https:\/\/facebook.com\" aria-label=\"Instagram\">\n\t\t\t\t<i aria-hidden=\"true\" class=\"icon icon-instagram-1\"><\/i>\t\t\t<\/a>\n\t\t<\/li>\n\t<\/ul>\n\t\t\t\t\t<\/div>\n\t\t\t\t\t\t\t\t\t<\/div>\n\t\t\t\t\t\t\t\n\t\t\t\n\t\t\t\t<\/div>\t\t\t\t<\/div>\n\t\t\t\t<\/div>\n\t\t\t\t\t<\/div>\n\t\t\t\t<\/div>\n\t\t<div class=\"elementor-element elementor-element-b81d21e e-flex e-con-boxed e-con e-parent\" data-id=\"b81d21e\" data-element_type=\"container\" data-e-type=\"container\">\n\t\t\t\t\t<div class=\"e-con-inner\">\n\t\t\t\t<div class=\"elementor-element elementor-element-11e14d7 elementor-grid-eael-col-3 elementor-grid-tablet-eael-col-3 elementor-widget__width-inherit elementor-grid-mobile-eael-col-1 elementor-widget elementor-widget-eael-post-grid\" data-id=\"11e14d7\" data-element_type=\"widget\" data-e-type=\"widget\" data-settings=\"{&quot;eael_post_grid_columns&quot;:&quot;eael-col-3&quot;,&quot;eael_post_grid_columns_tablet&quot;:&quot;eael-col-3&quot;,&quot;eael_post_grid_columns_mobile&quot;:&quot;eael-col-1&quot;}\" data-widget_type=\"eael-post-grid.default\">\n\t\t\t\t<div class=\"elementor-widget-container\">\n\t\t\t\t\t<div id=\"eael-post-grid-11e14d7\" class=\"eael-post-grid-container\">\n            <div class=\"eael-post-grid eael-post-appender eael-post-appender-11e14d7 eael-post-grid-style-two\" data-layout-mode=\"masonry\"><article class=\"eael-grid-post  eael-post-grid-column eael-pg-post-2010 category-categorias-teologia-doutrinas\" data-id=\"2010\">\n    <div class=\"eael-grid-post-holder\">\n        <div class=\"eael-grid-post-holder-inner\"><div class=\"eael-entry-media\"><div class=\"eael-entry-overlay fade-in\"><i class=\"fas fa-external-link-alt\" aria-hidden=\"true\"><\/i><a href=\"https:\/\/raizespentecostais.com.br\/index.php\/o-que-a-biblia-diz-sobre-o-pecado\/\"><\/a><\/div><div class=\"eael-entry-thumbnail \">\n                            <img fetchpriority=\"high\" decoding=\"async\" width=\"300\" height=\"169\" src=\"https:\/\/raizespentecostais.com.br\/wp-content\/uploads\/2024\/10\/O-que-a-biblia-diz-sobre-o-pecado-300x169.png\" class=\"attachment-medium size-medium wp-image-3910\" alt=\"\" srcset=\"https:\/\/raizespentecostais.com.br\/wp-content\/uploads\/2024\/10\/O-que-a-biblia-diz-sobre-o-pecado-300x169.png 300w, https:\/\/raizespentecostais.com.br\/wp-content\/uploads\/2024\/10\/O-que-a-biblia-diz-sobre-o-pecado-1024x576.png 1024w, https:\/\/raizespentecostais.com.br\/wp-content\/uploads\/2024\/10\/O-que-a-biblia-diz-sobre-o-pecado-768x432.png 768w, https:\/\/raizespentecostais.com.br\/wp-content\/uploads\/2024\/10\/O-que-a-biblia-diz-sobre-o-pecado.png 1280w\" sizes=\"(max-width: 300px) 100vw, 300px\" \/>\n                            <\/div>\n                    <\/div><div class=\"eael-entry-wrapper\"><header class=\"eael-entry-header\"><h2 class=\"eael-entry-title\"><a class=\"eael-grid-post-link\" href=\"https:\/\/raizespentecostais.com.br\/index.php\/o-que-a-biblia-diz-sobre-o-pecado\/\" title=\"O que a b\u00edblia diz sobre o pecado\">O que a b\u00edblia diz sobre o pecado<\/a><\/h2><\/header><div class=\"eael-entry-content\">\n                                <div class=\"eael-grid-post-excerpt\"><p>Por Pr. Elienai Cabral1 Consultor teol\u00f3gico CGADB Conhecer a doutrina do pecado \u00e9 imprescind\u00edvel aos estudantes da B\u00edblia. Conceitos filos\u00f3ficos...<\/p><a href=\"https:\/\/raizespentecostais.com.br\/index.php\/o-que-a-biblia-diz-sobre-o-pecado\/\" class=\"eael-post-elements-readmore-btn\">Leia Mais<\/a><\/div>\n                            <\/div><\/div><\/div>\n    <\/div>\n<\/article><\/div>\n            <div class=\"clearfix\"><\/div>\n        <\/div>\t\t\t\t<\/div>\n\t\t\t\t<\/div>\n\t\t\t\t\t<\/div>\n\t\t\t\t<\/div>\n\t\t\t\t<\/div>\n\t\t","protected":false},"excerpt":{"rendered":"<p>Pr. Elienai Cabral Professor \/ Pastor Pr. Elienai Cabral tem servido ao Senhor desde a sua juventude como pregador da [&hellip;]<\/p>\n","protected":false},"author":2,"featured_media":0,"parent":0,"menu_order":0,"comment_status":"closed","ping_status":"closed","template":"","meta":{"site-sidebar-layout":"default","site-content-layout":"","ast-site-content-layout":"default","site-content-style":"default","site-sidebar-style":"default","ast-global-header-display":"","ast-banner-title-visibility":"","ast-main-header-display":"","ast-hfb-above-header-display":"","ast-hfb-below-header-display":"","ast-hfb-mobile-header-display":"","site-post-title":"disabled","ast-breadcrumbs-content":"","ast-featured-img":"","footer-sml-layout":"","theme-transparent-header-meta":"","adv-header-id-meta":"","stick-header-meta":"","header-above-stick-meta":"","header-main-stick-meta":"","header-below-stick-meta":"","astra-migrate-meta-layouts":"default","ast-page-background-enabled":"default","ast-page-background-meta":{"desktop":{"background-color":"var(--ast-global-color-5)","background-image":"","background-repeat":"repeat","background-position":"center center","background-size":"auto","background-attachment":"scroll","background-type":"","background-media":"","overlay-type":"","overlay-color":"","overlay-opacity":"","overlay-gradient":""},"tablet":{"background-color":"","background-image":"","background-repeat":"repeat","background-position":"center center","background-size":"auto","background-attachment":"scroll","background-type":"","background-media":"","overlay-type":"","overlay-color":"","overlay-opacity":"","overlay-gradient":""},"mobile":{"background-color":"","background-image":"","background-repeat":"repeat","background-position":"center center","background-size":"auto","background-attachment":"scroll","background-type":"","background-media":"","overlay-type":"","overlay-color":"","overlay-opacity":"","overlay-gradient":""}},"ast-content-background-meta":{"desktop":{"background-color":"var(--ast-global-color-4)","background-image":"","background-repeat":"repeat","background-position":"center center","background-size":"auto","background-attachment":"scroll","background-type":"","background-media":"","overlay-type":"","overlay-color":"","overlay-opacity":"","overlay-gradient":""},"tablet":{"background-color":"var(--ast-global-color-4)","background-image":"","background-repeat":"repeat","background-position":"center center","background-size":"auto","background-attachment":"scroll","background-type":"","background-media":"","overlay-type":"","overlay-color":"","overlay-opacity":"","overlay-gradient":""},"mobile":{"background-color":"var(--ast-global-color-4)","background-image":"","background-repeat":"repeat","background-position":"center center","background-size":"auto","background-attachment":"scroll","background-type":"","background-media":"","overlay-type":"","overlay-color":"","overlay-opacity":"","overlay-gradient":""}},"footnotes":""},"class_list":["post-3378","page","type-page","status-publish","hentry"],"_links":{"self":[{"href":"https:\/\/raizespentecostais.com.br\/index.php\/wp-json\/wp\/v2\/pages\/3378","targetHints":{"allow":["GET"]}}],"collection":[{"href":"https:\/\/raizespentecostais.com.br\/index.php\/wp-json\/wp\/v2\/pages"}],"about":[{"href":"https:\/\/raizespentecostais.com.br\/index.php\/wp-json\/wp\/v2\/types\/page"}],"author":[{"embeddable":true,"href":"https:\/\/raizespentecostais.com.br\/index.php\/wp-json\/wp\/v2\/users\/2"}],"replies":[{"embeddable":true,"href":"https:\/\/raizespentecostais.com.br\/index.php\/wp-json\/wp\/v2\/comments?post=3378"}],"version-history":[{"count":7,"href":"https:\/\/raizespentecostais.com.br\/index.php\/wp-json\/wp\/v2\/pages\/3378\/revisions"}],"predecessor-version":[{"id":3387,"href":"https:\/\/raizespentecostais.com.br\/index.php\/wp-json\/wp\/v2\/pages\/3378\/revisions\/3387"}],"wp:attachment":[{"href":"https:\/\/raizespentecostais.com.br\/index.php\/wp-json\/wp\/v2\/media?parent=3378"}],"curies":[{"name":"wp","href":"https:\/\/api.w.org\/{rel}","templated":true}]}}